{"id":2711,"date":"2018-02-01T19:36:17","date_gmt":"2018-02-01T19:36:17","guid":{"rendered":"https:\/\/zinegoak.com\/?page_id=2711"},"modified":"2025-06-03T15:44:21","modified_gmt":"2025-06-03T13:44:21","slug":"juradeinternacional","status":"publish","type":"page","link":"https:\/\/zinegoak.com\/EU\/juradeinternacional\/","title":{"rendered":"NAZIOARTEKO EPAIMAHAIA"},"content":{"rendered":"<div class=\"wpb-content-wrapper\"><p>[vc_row][vc_column][vc_single_image image=&#8221;10675&#8243; img_size=&#8221;full&#8221; alignment=&#8221;center&#8221; css=&#8221;&#8221;][vc_custom_heading text=&#8221;Dok&#8221; font_container=&#8221;tag:h1|font_size:100|text_align:left|color:%23000000&#8243; google_fonts=&#8221;font_family:Montserrat%3Aregular%2C700|font_style:700%20bold%20regular%3A700%3Anormal&#8221;][\/vc_column][\/vc_row][vc_row][vc_column width=&#8221;1\/4&#8243;][vc_single_image image=&#8221;10666&#8243; img_size=&#8221;200&#8243; css_animation=&#8221;bottom-to-top&#8221; css=&#8221;&#8221;][\/vc_column][vc_column width=&#8221;3\/4&#8243;]<div class='team_member  '>\n\t<div class='avatar_holder'>\n\t\t<div class='hover_social'>\n\t\t\t<ul class='um_center_vertically'>\n\t\t\t\t\n\t\t\t<\/ul>\n\t\t<\/div>\n\t    \n\t<\/div>\n\t<h4><strong>David Velduque<\/strong><\/h4>\n\t<h5><\/h5>\n\t<p><\/p>\n<p class=\"p1\"><span class=\"s1\">Begirada konprometitu eta urratzailea duen queer zuzendari eta sortzailea. Gaztelaniazko LGTBIQ+ zinemaren erreferentea da, <em>Estigma<\/em> (Fantastic Fest) eta <em>Animal<\/em> eta <em>Transici\u00f3n<\/em> filmen zuzendaria, besteak beste. <em>Sabor a queer<\/em> zuzentzen eta aurkezten du, Ondas eta ODA (Ikus-entzunezkoen Dibertsitatearen Sariak) sarietan izendatutako bideopodcasta.<\/span><\/p>\n<p><\/p>\n<\/div>[\/vc_column][\/vc_row][vc_row][vc_column width=&#8221;1\/4&#8243;][vc_single_image image=&#8221;10667&#8243; img_size=&#8221;200&#8243; css_animation=&#8221;bottom-to-top&#8221; css=&#8221;&#8221;][\/vc_column][vc_column width=&#8221;3\/4&#8243;]<div class='team_member  '>\n\t<div class='avatar_holder'>\n\t\t<div class='hover_social'>\n\t\t\t<ul class='um_center_vertically'>\n\t\t\t\t\n\t\t\t<\/ul>\n\t\t<\/div>\n\t    \n\t<\/div>\n\t<h4><strong>Imanol Otaegi Mitxelena<\/strong><\/h4>\n\t<h5><\/h5>\n\t<p><\/p>\n<p class=\"p1\"><span class=\"s1\">Etxepare Institutuko kultur zuzendaria. Ikus-entzunezko komunikazioan lizentziaduna da, eta hainbat lan eszeniko ekoizten aritu da, baita EITBrentzako ikus-entzunezko ekoizpenetan ere. Donostia 2016ko Europako Kultur Hiriburua Fundazioan nazioarteko hainbat proiekturen arduradun aritu zen, eta elkarlanean aritu da Donostiako Zinemaldiarekin eta euskal ikus-entzunezko edukia atzerrian sustatzeko programarekin, besteak beste.<\/span><\/p>\n<p><\/p>\n<\/div>[\/vc_column][\/vc_row][vc_row][vc_column width=&#8221;1\/4&#8243;][vc_single_image image=&#8221;10668&#8243; img_size=&#8221;200&#8243; css_animation=&#8221;bottom-to-top&#8221; css=&#8221;&#8221;][\/vc_column][vc_column width=&#8221;3\/4&#8243;]<div class='team_member  '>\n\t<div class='avatar_holder'>\n\t\t<div class='hover_social'>\n\t\t\t<ul class='um_center_vertically'>\n\t\t\t\t\n\t\t\t<\/ul>\n\t\t<\/div>\n\t    \n\t<\/div>\n\t<h4><strong>Tatiana Romero<\/strong><\/h4>\n\t<h5><\/h5>\n\t<p><\/p>\n<p class=\"p1\"><span class=\"s1\">Aktibista antirrazista eta transfeminista. Historialaria da ikasketaz, eta espezialista sexu- eta genero-disidentzien historian, biopolitikan eta gorputz-punitibismoan. Azken urteotan, migrazio-esperientziatik landu eta sortu du diskurtsoa. Ohiko kolaboratzailea da Pikara Magazinen, Feminopraxisen eta El Salton. Duela gutxi, <em>(h)amor8_gordo<\/em> koordinatu du, Continta me tienes argitaletxearekin.<\/span><\/p>\n<p><\/p>\n<\/div>[\/vc_column][\/vc_row][vc_row][vc_column][vc_custom_heading text=&#8221;Fik&#8221; font_container=&#8221;tag:h1|font_size:100|text_align:left|color:%23000000&#8243; google_fonts=&#8221;font_family:Montserrat%3Aregular%2C700|font_style:700%20bold%20regular%3A700%3Anormal&#8221;][\/vc_column][\/vc_row][vc_row][vc_column width=&#8221;1\/4&#8243;][vc_single_image image=&#8221;10669&#8243; img_size=&#8221;200&#8243; css_animation=&#8221;bottom-to-top&#8221; css=&#8221;&#8221;][\/vc_column][vc_column width=&#8221;3\/4&#8243;]<div class='team_member  '>\n\t<div class='avatar_holder'>\n\t\t<div class='hover_social'>\n\t\t\t<ul class='um_center_vertically'>\n\t\t\t\t\n\t\t\t<\/ul>\n\t\t<\/div>\n\t    \n\t<\/div>\n\t<h4><strong>Bambi Fandi\u00f1o Garcia<\/strong><\/h4>\n\t<h5><\/h5>\n\t<p><\/p>\n<p class=\"p1\"><span class=\"s1\">Bambi diziplina anitzeko artista bat da, <em>performance<\/em>an espezializatua. Antzerkiaren eta drag ikuskizunen bidez hasi zen arte eszenikoetan. Historiaren, filosofiaren eta okultismoaren ikaskuntzaren zale amorratua da. Bere egungo lanean sarri agertzen zaizkigu espiritualtasuna, queer gaia, artearen gaitasun terapeutikoa eta erritualen alorreko kontzeptuak.<\/span><\/p>\n<p><\/p>\n<\/div>[\/vc_column][\/vc_row][vc_row][vc_column width=&#8221;1\/4&#8243;][vc_single_image image=&#8221;10670&#8243; img_size=&#8221;200&#8243; css_animation=&#8221;bottom-to-top&#8221; css=&#8221;&#8221;][\/vc_column][vc_column width=&#8221;3\/4&#8243;]<div class='team_member  '>\n\t<div class='avatar_holder'>\n\t\t<div class='hover_social'>\n\t\t\t<ul class='um_center_vertically'>\n\t\t\t\t\n\t\t\t<\/ul>\n\t\t<\/div>\n\t    \n\t<\/div>\n\t<h4><strong>Emilio Papamija<\/strong><\/h4>\n\t<h5><\/h5>\n\t<p><\/p>\n<p class=\"p1\"><span class=\"s1\">Ikus-entzunezkoen inguruko aholkularia eta prestatzailea da, aniztasunean aditua. Generoa, Hedabideak eta Kultura masterra egin zuen Londreseko Unibertsitatean. Gaur egun, dibertsitate alorreko aholkularia da IntimAct-en. Trans ikerkuntzako eta irudikapeneko zuzendaria izan zen ODAn (Hedabideetako Aniztasunaren Behatokia). Genero-politikak eta kultur politikak ezartzeko espezialista-lanetan aritu da hainbat gobernuren proiektuetan.<\/span><\/p>\n<p><\/p>\n<\/div>[\/vc_column][\/vc_row][vc_row][vc_column width=&#8221;1\/4&#8243;][vc_single_image image=&#8221;10671&#8243; img_size=&#8221;200&#8243; css_animation=&#8221;bottom-to-top&#8221; css=&#8221;&#8221;][\/vc_column][vc_column width=&#8221;3\/4&#8243;]<div class='team_member  '>\n\t<div class='avatar_holder'>\n\t\t<div class='hover_social'>\n\t\t\t<ul class='um_center_vertically'>\n\t\t\t\t\n\t\t\t<\/ul>\n\t\t<\/div>\n\t    \n\t<\/div>\n\t<h4><strong>Mapi Gracia<\/strong><\/h4>\n\t<h5><\/h5>\n\t<p><\/p>\n<p class=\"p1\"><span class=\"s1\">Zuzenbidean lizentziaduna, Zaragozako Unibertsitatean; REICAZeko letradun 2004tik 2013ra. 2017tik Zinentiendo jaialdian, Towanda kolektiboak antolatzen duen Aragoiko LGTBIQ+ Zinemako Nazioarteko Erakustaldian, programazio eta ekoizpen lanetan ari da.<\/span><\/p>\n<p><\/p>\n<\/div>[\/vc_column][\/vc_row][vc_row][vc_column][vc_custom_heading text=&#8221;Krak&#8221; font_container=&#8221;tag:h1|font_size:100|text_align:left|color:%23000000&#8243; google_fonts=&#8221;font_family:Montserrat%3Aregular%2C700|font_style:700%20bold%20regular%3A700%3Anormal&#8221;][\/vc_column][\/vc_row][vc_row][vc_column width=&#8221;1\/4&#8243;][vc_single_image image=&#8221;10673&#8243; img_size=&#8221;200&#8243; css_animation=&#8221;bottom-to-top&#8221; css=&#8221;&#8221;][\/vc_column][vc_column width=&#8221;3\/4&#8243;]<div class='team_member  '>\n\t<div class='avatar_holder'>\n\t\t<div class='hover_social'>\n\t\t\t<ul class='um_center_vertically'>\n\t\t\t\t\n\t\t\t<\/ul>\n\t\t<\/div>\n\t    \n\t<\/div>\n\t<h4><strong>Colectivo La Morada<\/strong><\/h4>\n\t<h5><\/h5>\n\t<p><\/p>\n<p class=\"p1\"><span class=\"s1\">Erabilera-lagapeneko etxebizitza-kooperatiba, Bartzelonako Roquetes auzoan kokatua eta bollerek, transek eta bestelako identitate disidenteek bultzatua. La Morada bizi-eredu feminista, jasangarri, komunitario eta solidario bat sortzeko esperimentatzen ari da. Bidaia bat da, laborategi bat, amets bat: apustu bat, bizitzako etapak era sortzaile eta komunitarioagoan partekatzen ikastekoa.<\/span><\/p>\n<p><\/p>\n<\/div>[\/vc_column][\/vc_row][vc_row][vc_column width=&#8221;1\/4&#8243;][vc_single_image image=&#8221;10672&#8243; img_size=&#8221;200&#8243; css_animation=&#8221;bottom-to-top&#8221; css=&#8221;&#8221;][\/vc_column][vc_column width=&#8221;3\/4&#8243;]<div class='team_member  '>\n\t<div class='avatar_holder'>\n\t\t<div class='hover_social'>\n\t\t\t<ul class='um_center_vertically'>\n\t\t\t\t\n\t\t\t<\/ul>\n\t\t<\/div>\n\t    \n\t<\/div>\n\t<h4><strong>Gabriela Wiener<\/strong><\/h4>\n\t<h5><\/h5>\n\t<p><\/p>\n<p class=\"p1\"><span class=\"s1\">Idazle eta kazetari peruarra. Sudakasa migratzaileen arte eta idazketako proiektu kolektiboaren parte da. Nazioarteko hainbat hedabidetan idatzi du, adibidez, Etiqueta Negran, New York Timesen eta publico.es-en. Peruko Kazetaritzako Sari Nazionala irabazi zuen, baita 2024ko Ciutat de Barcelona saria ere.<\/span><\/p>\n<p><\/p>\n<\/div>[\/vc_column][\/vc_row][vc_row][vc_column width=&#8221;1\/4&#8243;][vc_single_image image=&#8221;10674&#8243; img_size=&#8221;200&#8243; css_animation=&#8221;bottom-to-top&#8221; css=&#8221;&#8221;][\/vc_column][vc_column width=&#8221;3\/4&#8243;]<div class='team_member  '>\n\t<div class='avatar_holder'>\n\t\t<div class='hover_social'>\n\t\t\t<ul class='um_center_vertically'>\n\t\t\t\t\n\t\t\t<\/ul>\n\t\t<\/div>\n\t    \n\t<\/div>\n\t<h4><strong>Ra\u00fal Barreras<\/strong><\/h4>\n\t<h5><\/h5>\n\t<p><\/p>\n<p class=\"p1\"><span class=\"s1\">Zinema-muntatzailea eta zinemagilea, lana Erdialdeko Amerikan eta Europan egin duena. Muntaian graduatu zen, San Antonio de los Ba\u00f1oseko (Kuba) EICTV eskolan, eta muntatzaile lanetan aritu da <em>Sugar Island, 20.000 especies de abejas<\/em> eta <em>Las hijas de todas las rabias<\/em> filmetan, besteak beste. 2022an, <em>Arnasa<\/em> zuzendu zuen, hogeita hamar jaialditan baino gehiagotan hautatutako film-laburra, zortzi sariren irabazle izandakoa. Gaur egun, bere lehen fikzio-lan luzea egiten ari da, <em>Nuestro temblor<\/em>. Muntaia-eskolak ere eman ditu, ECAMen eta CENTA eskolan.<\/span><\/p>\n<p><\/p>\n<\/div>[\/vc_column][\/vc_row][vc_row][vc_column][vc_column_text css=&#8221;&#8221;]<\/p>\n<h1 id=\"JURADOS\" style=\"text-align: center;\">BESTE EPAIMAHAIAK<\/h1>\n<p>[\/vc_column_text][\/vc_column][\/vc_row][vc_row][vc_column][vc_column_text css=&#8221;&#8221;]<\/p>\n<p class=\"p1\"><strong>ANIZTASUN eta GIZA ESKUBIDEEN EPAIMAHAIA<\/strong><\/p>\n<p class=\"p3\"><span class=\"s1\">\u2022 Maritxu Arroyo Cruz &#8211; BFA \/ DFB <\/span><\/p>\n<p class=\"p3\"><span class=\"s1\">\u2022 Gorka L\u00f3pez Arantzamendi &#8211; Festival Internacional de Cine Invisible, Film Sozialak <\/span><\/p>\n<p class=\"p3\"><span class=\"s1\">\u2022 Carol Ru\u00edz Pe\u00f1uela &#8211; Miembro del equipo de Diversidad de Amnist\u00eda Internacional <\/span><\/p>\n<p class=\"p1\"><strong>LESBIANISMO eta GENEROAREN EPAIMAHAIA<\/strong><\/p>\n<p class=\"p3\"><span class=\"s1\">\u2022 Celeste Ag\u00fcero Gonz\u00e1lez &#8211; Ukatu<\/span><\/p>\n<p class=\"p3\"><span class=\"s1\">\u2022 Garazi Basterretxea<\/span><\/p>\n<p class=\"p3\"><span class=\"s1\">\u2022 Maite Elorrio<\/span><\/p>\n<p class=\"p3\"><span class=\"s1\">\u2022 Ana P\u00e9rez P\u00e9rez<\/span><\/p>\n<p class=\"p1\"><strong>EUSKAL AKTOREEN BATASUNAREN (EAB) EPAIMAHAIA<\/strong><\/p>\n<p class=\"p3\"><span class=\"s1\">\u2022 Eneko Arcas<\/span><\/p>\n<p class=\"p3\"><span class=\"s1\">\u2022 Elena S\u00e1enz<\/span><\/p>\n<p class=\"p3\"><span class=\"s1\">\u2022 Aitor Gabiola<\/span><\/p>\n<p class=\"p1\"><strong>GAZTE EPAIMAHAIA<\/strong><\/p>\n<p class=\"p3\"><span class=\"s1\">CIFP Tartanga LHII, Dantzerti, ECPV, EHU<\/span><\/p>\n<p class=\"p3\"><span class=\"s1\">ikasleak<\/span><\/p>\n<p class=\"p3\"><span class=\"s1\">Izaro Negredo Gonzalez, Paula P\u00e9rez San Jos\u00e9, Enzo Barrado Basa\u00f1ez, Ainhoa L\u00f3pez, Gorane Chueca, Haizea Elorza, Micaela Rom\u00e1n, Jaime Fierro Moradell, Laura Besada Garrido, Sam G\u00f3mez Ortiz, Emilia Rangel.<\/span><\/p>\n<p class=\"p1\"><strong>SENIOR EPAIMAHAIA<\/strong><\/p>\n<p class=\"p3\"><span class=\"s1\">Hainbat pertsona erretiratuek eta helduentzako hezkuntza zentroetako ikasleek osatzen dute.<\/span><\/p>\n<p class=\"p3\"><span class=\"s1\">Txaro Medina Diez, Mario Liendo Cavada, Itziar Foruria Atxabal, Estibaliz Larreategi Cuadra, Asun Amillategui Uriarte, Felipe Javier Lozano Luengo, Maria Aranzazu Garcia Mendikoetxea, Inmaculada Martinez Molinuevo,<span class=\"Apple-converted-space\">\u00a0 <\/span>Zuri\u00f1e Arruza Marina. <\/span><\/p>\n<p>[\/vc_column_text][\/vc_column][\/vc_row]<\/p>\n<\/div>","protected":false},"excerpt":{"rendered":"<p>[vc_row][vc_column][vc_single_image image=&#8221;10675&#8243; img_size=&#8221;full&#8221; alignment=&#8221;center&#8221; css=&#8221;&#8221;][vc_custom_heading text=&#8221;Dok&#8221; font_container=&#8221;tag:h1|font_size:100|text_align:left|color:%23000000&#8243; google_fonts=&#8221;font_family:Montserrat%3Aregular%2C700|font_style:700%20bold%20regular%3A700%3Anormal&#8221;][\/vc_column][\/vc_row][vc_row][vc_column width=&#8221;1\/4&#8243;][vc_single_image image=&#8221;10666&#8243; img_size=&#8221;200&#8243; css_animation=&#8221;bottom-to-top&#8221; css=&#8221;&#8221;][\/vc_column][vc_column width=&#8221;3\/4&#8243;][\/vc_column][\/vc_row][vc_row][vc_column width=&#8221;1\/4&#8243;][vc_single_image image=&#8221;10667&#8243; img_size=&#8221;200&#8243; css_animation=&#8221;bottom-to-top&#8221; css=&#8221;&#8221;][\/vc_column][vc_column width=&#8221;3\/4&#8243;][\/vc_column][\/vc_row][vc_row][vc_column width=&#8221;1\/4&#8243;][vc_single_image image=&#8221;10668&#8243; img_size=&#8221;200&#8243; css_animation=&#8221;bottom-to-top&#8221; css=&#8221;&#8221;][\/vc_column][vc_column width=&#8221;3\/4&#8243;][\/vc_column][\/vc_row][vc_row][vc_column][vc_custom_heading text=&#8221;Fik&#8221; font_container=&#8221;tag:h1|font_size:100|text_align:left|color:%23000000&#8243; google_fonts=&#8221;font_family:Montserrat%3Aregular%2C700|font_style:700%20bold%20regular%3A700%3Anormal&#8221;][\/vc_column][\/vc_row][vc_row][vc_column width=&#8221;1\/4&#8243;][vc_single_image image=&#8221;10669&#8243; img_size=&#8221;200&#8243; css_animation=&#8221;bottom-to-top&#8221; css=&#8221;&#8221;][\/vc_column][vc_column width=&#8221;3\/4&#8243;][\/vc_column][\/vc_row][vc_row][vc_column width=&#8221;1\/4&#8243;][vc_single_image image=&#8221;10670&#8243; img_size=&#8221;200&#8243; css_animation=&#8221;bottom-to-top&#8221; css=&#8221;&#8221;][\/vc_column][vc_column width=&#8221;3\/4&#8243;][\/vc_column][\/vc_row][vc_row][vc_column width=&#8221;1\/4&#8243;][vc_single_image image=&#8221;10671&#8243; img_size=&#8221;200&#8243; css_animation=&#8221;bottom-to-top&#8221; css=&#8221;&#8221;][\/vc_column][vc_column width=&#8221;3\/4&#8243;][\/vc_column][\/vc_row][vc_row][vc_column][vc_custom_heading text=&#8221;Krak&#8221; font_container=&#8221;tag:h1|font_size:100|text_align:left|color:%23000000&#8243; google_fonts=&#8221;font_family:Montserrat%3Aregular%2C700|font_style:700%20bold%20regular%3A700%3Anormal&#8221;][\/vc_column][\/vc_row][vc_row][vc_column width=&#8221;1\/4&#8243;][vc_single_image image=&#8221;10673&#8243; img_size=&#8221;200&#8243; css_animation=&#8221;bottom-to-top&#8221; css=&#8221;&#8221;][\/vc_column][vc_column [&hellip;]<\/p>\n","protected":false},"author":1,"featured_media":0,"parent":0,"menu_order":0,"comment_status":"closed","ping_status":"closed","template":"","meta":{"footnotes":""},"class_list":["post-2711","page","type-page","status-publish","hentry"],"_links":{"self":[{"href":"https:\/\/zinegoak.com\/EU\/wp-json\/wp\/v2\/pages\/2711","targetHints":{"allow":["GET"]}}],"collection":[{"href":"https:\/\/zinegoak.com\/EU\/wp-json\/wp\/v2\/pages"}],"about":[{"href":"https:\/\/zinegoak.com\/EU\/wp-json\/wp\/v2\/types\/page"}],"author":[{"embeddable":true,"href":"https:\/\/zinegoak.com\/EU\/wp-json\/wp\/v2\/users\/1"}],"replies":[{"embeddable":true,"href":"https:\/\/zinegoak.com\/EU\/wp-json\/wp\/v2\/comments?post=2711"}],"version-history":[{"count":49,"href":"https:\/\/zinegoak.com\/EU\/wp-json\/wp\/v2\/pages\/2711\/revisions"}],"predecessor-version":[{"id":10678,"href":"https:\/\/zinegoak.com\/EU\/wp-json\/wp\/v2\/pages\/2711\/revisions\/10678"}],"wp:attachment":[{"href":"https:\/\/zinegoak.com\/EU\/wp-json\/wp\/v2\/media?parent=2711"}],"curies":[{"name":"wp","href":"https:\/\/api.w.org\/{rel}","templated":true}]}}