{"id":7149,"date":"2022-02-08T15:29:54","date_gmt":"2022-02-08T14:29:54","guid":{"rendered":"https:\/\/zinegoak.com\/?page_id=7149"},"modified":"2025-04-23T12:39:47","modified_gmt":"2025-04-23T10:39:47","slug":"zgpro_2024","status":"publish","type":"page","link":"https:\/\/zinegoak.com\/EU\/zgpro_2024\/","title":{"rendered":"ZG PRO_2024"},"content":{"rendered":"<div class=\"wpb-content-wrapper\"><p>[vc_row][vc_column][vc_column_text][\/vc_column_text][\/vc_column][\/vc_row][vc_row][vc_column][vc_single_image image=&#8221;9731&#8243; img_size=&#8221;full&#8221; alignment=&#8221;center&#8221;][vc_separator][vc_row_inner][vc_column_inner width=&#8221;1\/2&#8243;][vc_single_image image=&#8221;9732&#8243; img_size=&#8221;full&#8221; alignment=&#8221;center&#8221; onclick=&#8221;custom_link&#8221; link=&#8221;#master&#8221;][\/vc_column_inner][vc_column_inner width=&#8221;1\/2&#8243;][vc_single_image image=&#8221;9734&#8243; img_size=&#8221;full&#8221; alignment=&#8221;center&#8221; onclick=&#8221;custom_link&#8221; link=&#8221;#lab&#8221;][\/vc_column_inner][\/vc_row_inner][vc_column_text]<\/p>\n<p class=\"p1\"><span class=\"s1\">ZG PRO ekimena Zinegoak jaialdiak industria zinematografikoari eskaintzen dion esparrua da; zehazki, ikus-entzunezko LGTBIQ+ ekoizpenen berrikuntzari, ikerketari eta prestakuntzari. Funtsezko topagunea da sexu-, identitate- eta genero-aniztasunarekin loturiko zinemagintzan diharduten eragile eta espazioei ikusgaitasuna emateko, baita eragile horiek prestakuntza-esparru espezializatuetara hurbiltzeko ere. <\/span><\/p>\n<p class=\"p1\"><span class=\"s1\">Egia da azken urteetan queer zinema gehiago dagoela zirkuitu komertzialetan eta arrakasta handiz iristen dela ikus-entzuleengana zine-aretoen bitartez; hala eta guztiz ere, proiektu gehienentzat ezinezkoa da harresi hori zeharkatzea. Hori dela eta, 2024ko ZG PRO egitasmoak laguntza emango die aurten ere Euskal Herriko, Espainiako estatuko zein nazioarteko LGTBIQ+ zine-proiektuei.<\/span><\/p>\n<p class=\"p1\"><span class=\"s1\">Bide horretan, Europa Sur LGTBIQ+ Jaialdien Sarearen laguntza izango dugu; gogoan izan sare horren barruan daudela Queer Lisboa eta Queer Porto jaialdiak, Mix Milano, Parisko Ch\u00e9ries-ch\u00e9ris eta Zinegoak. <\/span><\/p>\n<p class=\"p1\"><span class=\"s1\">Aurtengo berritasuna Espainiako Estatuko LGBTIQ+ Laborategien Sarea izango da, Fire!! Lab (Fire!! jaialdia, Bartzelona) eta Queercinelab (Tri\u00e1ngulo fundazioko jaialdiak biltzen dituena: Lesgaicinemad, Cinhomo, Andalesgai, Fancinequeer eta Zinegoaken ZG PRO) ekimenek osatua. Aurten, gainera, Donostiako Zinemaldiarekin batera, sari bat sortu dugu elkarlanean: ZG PRO Industry SSIFF Saria. Hala, laborategi bakoitzak proiektu bat sarituko du, eta proiektu irabazlearen ekoizleek aukera izango dute Donostiako Zinemaldiaren industria-foroetan egoteko, parte hartzeko eta haietan sartzeko. Helburua, betiere, LGTBIQ+ proiektuak ikusgarri egiteko eta sustatzeko aliantza bat sortzea da.<\/span><\/p>\n<p class=\"p1\"><span class=\"s1\">Horrez gain, gurekin izango dugu Incoproduction zine- eta telebista-proiektuetarako merkatu digitala. Aurten, gainera, lankidetza estuagoa izango dugu, ZG PRO Work in Progress plataformari esker (WIP) eta Music Library &amp; SFX -en babesarekin.<\/span><\/p>\n<p class=\"p1\"><span class=\"s1\">ZG PRO bi egunetan egingo da. Ekainaren 27an, ikus-entzunezkoen eta kulturaren sektoreko Euskal Herriko, Espainiako estatuko eta nazioarteko zenbait profesional entzutetsuk master classak eskainiko dituzte Azkuna Zentroko Bastida aretoan. Ekainaren 28an, berriz, ZG PRO Lab ekimena izango da, Azkuna Zentroko Iparragirre aretoan; zehazki, <i>pitching<\/i> formatuan aukeraturiko proiektuak aurkeztu, DAMAk eskainitako du ikastaroa, eta ZG PRO epaimahaia osatzen duten pertsonekin <i>one to one<\/i> saioak egingo ditugu.<\/span><\/p>\n<p class=\"p1\"><span class=\"s1\">ZG PROko jarduerak ikus-entzule guztiei irekiak dira; nolanahi ere, arreta berezia eskaintzen zaie sektoreko profesionalei eta LGTBIQ+ kulturan oinarrituriko industria zinematografikoari buruzko prestakuntza jaso nahi duten ikasleei.<\/span><\/p>\n<p>[\/vc_column_text][vc_single_image image=&#8221;9732&#8243; img_size=&#8221;full&#8221; alignment=&#8221;center&#8221;][vc_column_text]<\/p>\n<h1 id=\"master\" style=\"text-align: left;\">Hizlariak<\/h1>\n<p>[\/vc_column_text][\/vc_column][\/vc_row][vc_row][vc_column width=&#8221;1\/4&#8243;][vc_single_image image=&#8221;9597&#8243; alignment=&#8221;center&#8221;][\/vc_column][vc_column width=&#8221;1\/4&#8243;]<div class='team_member  '>\n\t<div class='avatar_holder'>\n\t\t<div class='hover_social'>\n\t\t\t<ul class='um_center_vertically'>\n\t\t\t\t\n\t\t\t<\/ul>\n\t\t<\/div>\n\t    \n\t<\/div>\n\t<h4><strong>TAU LUNA ACOSTA<\/strong><\/h4>\n\t<h5><\/h5>\n\t<p><\/p>\n<p class=\"p1\"><span class=\"s1\">Artista bisuala, ikertzailea, komisarioa, bitartekaria<\/span><\/p>\n<p><\/p>\n<\/div>[\/vc_column][vc_column width=&#8221;1\/4&#8243;][vc_single_image image=&#8221;9874&#8243; alignment=&#8221;center&#8221;][\/vc_column][vc_column width=&#8221;1\/4&#8243;]<div class='team_member  '>\n\t<div class='avatar_holder'>\n\t\t<div class='hover_social'>\n\t\t\t<ul class='um_center_vertically'>\n\t\t\t\t\n\t\t\t<\/ul>\n\t\t<\/div>\n\t    \n\t<\/div>\n\t<h4><strong>ANA\u00cdS C\u00d3RDOBA-P\u00c1EZ<\/strong><\/h4>\n\t<h5><\/h5>\n\t<p><\/p>\n<p class=\"p1\"><span class=\"s1\">Bideografoa, djLaN\u00efn, komisarioa<\/span><\/p>\n<p><\/p>\n<\/div>[\/vc_column][\/vc_row][vc_row][vc_column width=&#8221;1\/4&#8243;][vc_single_image image=&#8221;9877&#8243; alignment=&#8221;center&#8221;][\/vc_column][vc_column width=&#8221;1\/4&#8243;]<div class='team_member  '>\n\t<div class='avatar_holder'>\n\t\t<div class='hover_social'>\n\t\t\t<ul class='um_center_vertically'>\n\t\t\t\t\n\t\t\t<\/ul>\n\t\t<\/div>\n\t    \n\t<\/div>\n\t<h4><strong>SONIA FERN\u00c1NDEZ PAN<\/strong><\/h4>\n\t<h5><\/h5>\n\t<p><\/p>\n<p class=\"p1\"><span class=\"s2\">Idazlea, ikertzailea<\/span><\/p>\n<p><\/p>\n<\/div>[\/vc_column][vc_column width=&#8221;1\/4&#8243;][vc_single_image image=&#8221;9595&#8243; alignment=&#8221;center&#8221;][\/vc_column][vc_column width=&#8221;1\/4&#8243;]<div class='team_member  '>\n\t<div class='avatar_holder'>\n\t\t<div class='hover_social'>\n\t\t\t<ul class='um_center_vertically'>\n\t\t\t\t\n\t\t\t<\/ul>\n\t\t<\/div>\n\t    \n\t<\/div>\n\t<h4><strong>DANELE SARRIUGARTE<\/strong><\/h4>\n\t<h5><\/h5>\n\t<p><\/p>\n<p class=\"p1\"><span class=\"s1\">Idazlea, itzultzailea<\/span><\/p>\n<p><\/p>\n<\/div>[\/vc_column][\/vc_row][vc_row][vc_column width=&#8221;1\/4&#8243;][vc_single_image image=&#8221;9876&#8243; alignment=&#8221;center&#8221;][\/vc_column][vc_column width=&#8221;1\/4&#8243;]<div class='team_member  '>\n\t<div class='avatar_holder'>\n\t\t<div class='hover_social'>\n\t\t\t<ul class='um_center_vertically'>\n\t\t\t\t\n\t\t\t<\/ul>\n\t\t<\/div>\n\t    \n\t<\/div>\n\t<h4><strong>FELA VILA N\u00da\u00d1EZ <\/strong><\/h4>\n\t<h5><\/h5>\n\t<p><\/p>\n<p class=\"p1\"><span class=\"s1\">Ikertzailea, irakaslea, idazlea, komisarioa, aktibista<\/span><\/p>\n<p><\/p>\n<\/div>[\/vc_column][vc_column width=&#8221;1\/4&#8243;][\/vc_column][vc_column width=&#8221;1\/4&#8243;][\/vc_column][\/vc_row][vc_row][vc_column][vc_column_text]<\/p>\n<h1 style=\"text-align: left;\">Masterclass<\/h1>\n<p>[\/vc_column_text][vc_row_inner][vc_column_inner width=&#8221;1\/4&#8243;][vc_column_text]<\/p>\n<p class=\"p1\">Ekainak 27<\/p>\n<p class=\"p2\"><span class=\"s4\">sala Bastida aretoa <\/span><\/p>\n<p class=\"p2\"><span class=\"s4\">Azkuna Zentroa<\/span><\/p>\n<p class=\"p2\"><span class=\"s4\">10:00<\/span><\/p>\n<p>[\/vc_column_text][\/vc_column_inner][vc_column_inner width=&#8221;3\/4&#8243;][vc_column_text]<\/p>\n<p class=\"p1\"><strong><span id=\"gmail-docs-internal-guid-ba64953f-7fff-41b1-c945-170fd352d135\">C<\/span><\/strong><strong><span id=\"gmail-docs-internal-guid-ba64953f-7fff-41b1-c945-170fd352d135\">on el tiempo la maleza se impone<\/span><\/strong><\/p>\n<p class=\"p2\"><span id=\"gmail-docs-internal-guid-ba64953f-7fff-41b1-c945-170fd352d135\"><em>Sonia Fern\u00e1ndez Pan<\/em> (Idazlea, Ikertzailea).<\/span><\/p>\n<p dir=\"ltr\">Sastrakekin pentsatzeko saiakera bat, istorioak kontatzeko estimulu basati batetik sortutakoa. Hainbat bidelagun izango ditut: keinu intuitiboak, lagunak, nahaste-borraste zentzuak, pelikulak, jatorri anitzak, elkarrizketak, joan-etorrian dauden sustraiak, laserrez egindako irudiak eta belar txar onak.<\/p>\n<p>[\/vc_column_text][\/vc_column_inner][\/vc_row_inner][vc_row_inner][vc_column_inner width=&#8221;1\/4&#8243;][vc_column_text]<\/p>\n<p class=\"p1\">Ekainak 27<\/p>\n<p class=\"p2\"><span class=\"s4\">sala Bastida aretoa <\/span><\/p>\n<p class=\"p2\"><span class=\"s4\">Azkuna Zentroa<\/span><\/p>\n<p class=\"p2\"><span class=\"s4\">11:00<\/span><\/p>\n<p>[\/vc_column_text][\/vc_column_inner][vc_column_inner width=&#8221;3\/4&#8243;][vc_column_text]<\/p>\n<p class=\"p1\"><b>Itxaropen motaren bat.<\/b><\/p>\n<p class=\"p1\"><em><span class=\"s1\">Tau Luna Acosta<\/span><\/em><\/p>\n<p class=\"p1\"><span class=\"s1\">Ipar globalean irudikatzen den mundu-amaierari kontrajarrita, Hegoaldean mundu-amaiera sistemikoak bizi izan ditugu, eta horrek beste mundu batzuk irudikatzea eta etengabe sortzea ekarri du beti, ez oinazerik gabe. Amorruari eta maitasunari esker eusten diogu munduen sorrerari, itxaropena eraikitzeko tresnak baitira, antzua dirudien lurrean ere haziak ereiteko teknologia politikoak. Nire lanean, ikusmen-arteak, lankidetzazko esperientziak eta ikus-entzunezkoak gurutzatzen dira, gizakien eta gizakia-baino-gehiagoko izakien artean pentsa dezagun nola duindu daitezkeen migrazioak, lurralde-lekualdatzeak, sexu-genero disidentziak eta ordena kolonial estraktibistak zeharkaturiko bizitzak duintzeaz. <\/span><\/p>\n<p>[\/vc_column_text][\/vc_column_inner][\/vc_row_inner][vc_row_inner][vc_column_inner width=&#8221;1\/4&#8243;][vc_column_text]<\/p>\n<p class=\"p1\">Ekainak 27<\/p>\n<p class=\"p2\"><span class=\"s4\">sala Bastida aretoa <\/span><\/p>\n<p class=\"p2\"><span class=\"s4\">Azkuna Zentroa<\/span><\/p>\n<p class=\"p2\"><span class=\"s4\">12:00<\/span><\/p>\n<p>[\/vc_column_text][\/vc_column_inner][vc_column_inner width=&#8221;3\/4&#8243;][vc_column_text]<\/p>\n<p class=\"p1\">Mahai ingurua<\/p>\n<p class=\"p1\"><b>Dantza! Queer jaia irudiaren espazio politiko gisa<\/b><\/p>\n<p class=\"p1\"><span class=\"s1\">1980ko hamarkadan azaleratu zen gorputza politikoa dela, eta, berehala, jaia erresistentziarako esparru bilakatu zen. Queer gorputzak aldarrikatzean, gozatzearekin batera sexu-politikak eta praktika disidenteak eraikitzea aldarrikatzen da. <\/span><\/p>\n<p class=\"p1\"><span class=\"s1\">Jaia oinazea da, amorrua, maitasuna, desira, plazera, burua zoratzen duen erritmoa, bihotzak sentimendu berean elkartzen dituena. Jaia dantza eta borroka da, gorputzen aldarrikapenaren alde, aldarrikapenari esker izan daitezkeen gorputzen alde.<\/span><\/p>\n<p class=\"p1\"><span class=\"s1\">Nola berrasmatzen dira hizkuntza politikoak jai-giroan? Non dago jaiaren izate eta egitearen eta queer gorputzen arteko bidegurutzea? <\/span><\/p>\n<p class=\"p1\"><span class=\"s1\">Ana\u00eds C\u00f3rdova-P\u00e1ez, Sonia Fern\u00e1ndez Pan, Danele Sarriugarte eta Fefa Vila N\u00fa\u00f1ez hainbat ahotsetara bilduko dira elkarrizketa batean. Mugimenduak, musikak eta jaiak betetzen duten esparruko queer esperientziak partekatuko dituzte, etengabe zentsuratzen, zigortzen eta ospatzen den irudi baten inguruan.<\/span><\/p>\n<p>[\/vc_column_text][\/vc_column_inner][\/vc_row_inner][\/vc_column][\/vc_row][vc_row][vc_column][vc_single_image image=&#8221;9734&#8243; img_size=&#8221;full&#8221; alignment=&#8221;center&#8221;][vc_row_inner][vc_column_inner width=&#8221;1\/4&#8243;][vc_column_text]<\/p>\n<p class=\"p1\">Ekainak 28<\/p>\n<p class=\"p2\"><span class=\"s4\">sala Iparragirre aretoa <\/span><\/p>\n<p class=\"p2\"><span class=\"s4\">Azkuna Zentroa<\/span><\/p>\n<p class=\"p2\"><span class=\"s4\">10:00 &#8211; 14:30 \/ 17:30 &#8211; 18:00<\/span><\/p>\n<p>[\/vc_column_text][\/vc_column_inner][vc_column_inner width=&#8221;3\/4&#8243;][vc_column_text]<\/p>\n<p class=\"p1\"><span class=\"s1\">ZG PRO LAB 2024 jardunaldia hasteko, ZiNaizen ikus-entzunezko edukiak sortzeko lehiaketa aurkeztuko du Naizen Adingabe Transexualen Elkarteak. Helburua haur transen askotariko errealitateak ikusarazteko ikus-entzunezko edukien sorrera bultzatzea da, eta aurkezpenean azalduko dituzte lehiaketaren oinarriak.<\/span><\/p>\n<p class=\"p1\"><span class=\"s1\">Ondoren, aukeraturiko proiektuak aurkeztuko ditugu, <i>pitching<\/i> formatuan. ZG PRO sarietarako hautagaiak izango dira proiektu horiek, eta zinemaren sektoreko profesionalek eta Europa Sur LGTBIQ+ Jaialdien Sarearen ordezkari batek osaturiko epaimahai batek erabakiko ditu sariak. <\/span><\/p>\n<p class=\"p1\"><span class=\"s1\">Goizeko saioaren amaieran, eskubideen kudeaketari eta zinema-ekoizpenari buruzko hitzaldi bat eskainiko du DAMAk, ikus-entzunezko autoreen eskubideen bilketan, kudeaketan eta banaketan espezializaturiko Espainiako erakunde kudeatzaileak. <\/span><\/p>\n<p class=\"p1\"><span class=\"s1\">Arratsaldean, <i>one-to-one<\/i> saioak izango ditugu, eta, amaitzeko, sariak banatuko ditugu.<\/span><\/p>\n<p>[\/vc_column_text][vc_column_text]Programaci\u00f3n:<\/p>\n<p class=\"p1\"><span class=\"s1\"><b>10:00 <\/b><\/span><span class=\"s2\"> Aurkezpena. <b>ZiNaizen<\/b>.<\/span><\/p>\n<p class=\"p2\"><span class=\"s1\"><b>10:30 <\/b><\/span><span class=\"s2\">Pitching saioak. 5 proiektu (30 min\/proiektu bakoitza). <\/span><\/p>\n<p class=\"p1\"><span class=\"s1\"><b>13:30-14:30<\/b><\/span><span class=\"s2\"> DAMA. Ikus-entzunezko lanen egile-eskubideen kudeaketa.\u00a0<\/span><\/p>\n<p class=\"p1\"><span class=\"s1\"><b>16:00-17:00<\/b><\/span><span class=\"s2\"> 1-1 saioak.\u00a0<\/span><\/p>\n<p class=\"p1\"><span class=\"s1\"><b>17:00-17:30<\/b><\/span><span class=\"s2\"> Sariak.<\/span><\/p>\n<p>[\/vc_column_text][\/vc_column_inner][\/vc_row_inner][vc_column_text]<\/p>\n<h1 style=\"text-align: center;\">Epaimahaia<\/h1>\n<p>[\/vc_column_text][vc_row_inner][vc_column_inner width=&#8221;1\/4&#8243;][vc_single_image image=&#8221;9866&#8243;][\/vc_column_inner][vc_column_inner width=&#8221;3\/4&#8243;]<div class='team_member  '>\n\t<div class='avatar_holder'>\n\t\t<div class='hover_social'>\n\t\t\t<ul class='um_center_vertically'>\n\t\t\t\t\n\t\t\t<\/ul>\n\t\t<\/div>\n\t    \n\t<\/div>\n\t<h4><strong>Margherita Ghetti<\/strong><\/h4>\n\t<h5><\/h5>\n\t<p><\/p>\n<p class=\"p1\"><span class=\"s1\">Zinema eta Komunikabideetan doktorea Kaliforniako Unibertsitatean (Berkeley). Zinema eta Kultura Queer-ari buruzko Mix Milano LGTBIQ+ Nazioarteko Jaialdiko programatzailea da. Aldi berean, Wanted Cinemaren banaketa-katalogoarekin loturiko ekitaldien komunikazio- eta programazio-arduraduna da. Italiako Zinemaren Historiako irakaslea izan da. Kalifornian, programazio- eta komunikazio-lanak egin zituen Berkeleyko Arte Museoan eta Pazifikoko Zinema Artxiboan (BAMPFA) eta Mill Valleyko Zinema Jaialdian (MVFF).<\/span><\/p>\n<p><\/p>\n<\/div>[\/vc_column_inner][\/vc_row_inner][vc_row_inner][vc_column_inner width=&#8221;1\/4&#8243;][vc_single_image image=&#8221;9869&#8243;][\/vc_column_inner][vc_column_inner width=&#8221;3\/4&#8243;]<div class='team_member  '>\n\t<div class='avatar_holder'>\n\t\t<div class='hover_social'>\n\t\t\t<ul class='um_center_vertically'>\n\t\t\t\t\n\t\t\t<\/ul>\n\t\t<\/div>\n\t    \n\t<\/div>\n\t<h4><strong>Zuri Goikoetxea<\/strong><\/h4>\n\t<h5><\/h5>\n\t<p><\/p>\n<p class=\"p1\"><span class=\"s1\">2010etik, gidoilari-, zuzendari- eta ekoizle-lanetan dihardu Doxa ekoizpen-etxean. Haren lan eta kolaborazioak hainbat aldiz aukeratu eta saritu dira hainbat jaialditan: Cannesko Jaialdia, Donostiako Zinemaldia, Xixoneko Nazioarteko Zinema Jaialdia &#8211; FICX, Kopenhageko Dokumentalen Nazioarteko Jaialdia &#8211; CPH:DOX edo Nyongo Nazioarteko Zinemaldia &#8211; Visions du r\u00e9el, besteak beste. 2021ean, Berlinale Talenterako hautatu zuten; 2018an, ikus-entzunezko egonaldi batean parte hartu zuen, Matadero Madridek antolatuta,<i> Cabeza y coraz\u00f3n<\/i> filmarekin; eta, 2021ean, Cabello\/Carceller-en <i>Una voz para Erauso <\/i>piezaren ekoizlea izan zen, Azkuna Zentroko erakusketa batean, Paul B. Preciadoren komisariotzapean.<\/span><\/p>\n<p><\/p>\n<\/div>[\/vc_column_inner][\/vc_row_inner][vc_row_inner][vc_column_inner width=&#8221;1\/4&#8243;][vc_single_image image=&#8221;7495&#8243; css=&#8221;&#8221;][\/vc_column_inner][vc_column_inner width=&#8221;3\/4&#8243;]<div class='team_member  '>\n\t<div class='avatar_holder'>\n\t\t<div class='hover_social'>\n\t\t\t<ul class='um_center_vertically'>\n\t\t\t\t\n\t\t\t<\/ul>\n\t\t<\/div>\n\t    \n\t<\/div>\n\t<h4><strong>Ainhoa Gonz\u00e1lez Sanchiz<\/strong><\/h4>\n\t<h5><\/h5>\n\t<p><\/p>\n<p class=\"p1\"><span class=\"s1\">Europa Creativa Desk MEDIA Euskadiren bulegoko arduraduna. Europako nazioarteko merkatu garrantzitsuenetan hartu du parte, eta Euskal Herriko eta Europako zinema arloko profesionalen artean berrikuntzako tailerrak eta jardunaldiak antolatu ditu.<\/span><\/p>\n<p><\/p>\n<\/div>[\/vc_column_inner][\/vc_row_inner][vc_row_inner][vc_column_inner width=&#8221;1\/4&#8243;][vc_single_image image=&#8221;9868&#8243;][\/vc_column_inner][vc_column_inner width=&#8221;3\/4&#8243;]<div class='team_member  '>\n\t<div class='avatar_holder'>\n\t\t<div class='hover_social'>\n\t\t\t<ul class='um_center_vertically'>\n\t\t\t\t\n\t\t\t<\/ul>\n\t\t<\/div>\n\t    \n\t<\/div>\n\t<h4><strong>Peter Stephens<\/strong><\/h4>\n\t<h5><\/h5>\n\t<p><\/p>\n<p class=\"p1\"><span class=\"s1\">Music Library &amp; SFX-eko bazkidea, Audio Network ekoizpen-musikako katalogoaren editoreordea eta Espainiako ordezkaria. Ibilbide luzeko proiektu-koordinatzailea; haren lanen artean, azpimarratzekoak dira kolaborazioen kudeaketaren arloko eginkizunak, ML&amp;SFX\/Acorde musika-ikuskaritzako ataleko ekitaldietan parte hartzea eta AltMusic-en katalogoa. AltContent argitaletxe eta ekoiztetxearen bitartez, Izaskun Arandiaren <i>My Way Out <\/i>dokumentalaren ekoizpenean parte hartu du (2023). Filmetarako musika-ekoizpenaren eta -aholkularitzaren arloko sariak banatzen ditu Espainiako estatuko hainbat jaialditan.<\/span><\/p>\n<p><\/p>\n<\/div>[\/vc_column_inner][\/vc_row_inner][vc_row_inner][vc_column_inner width=&#8221;1\/4&#8243;][vc_single_image image=&#8221;9867&#8243;][\/vc_column_inner][vc_column_inner width=&#8221;3\/4&#8243;]<div class='team_member  '>\n\t<div class='avatar_holder'>\n\t\t<div class='hover_social'>\n\t\t\t<ul class='um_center_vertically'>\n\t\t\t\t\n\t\t\t<\/ul>\n\t\t<\/div>\n\t    \n\t<\/div>\n\t<h4><strong>Mar\u00eda Basagoiti Salazar<\/strong><\/h4>\n\t<h5><\/h5>\n\t<p><\/p>\n<p class=\"p1\"><span class=\"s1\">Ikus-entzunezko Komunikazioan lizentziatua izateaz gain, Zinema Industriako Enpresen Kudeaketa masterra egin zuen. Hamar urte baino gehiago eman ditu programak, realityak eta fikziozko lanak ekoizten; besteak beste, Mediaseten, Video Median eta Pausokan. 2021etik 2024ra, Primeran eta Makusi OTTak kudeatzen eta martxan jartzen aritu da, eta, gaur egun, EITBko antena-eskubide eta koprodukzioen ko-arduraduna da.<\/span><\/p>\n<p><\/p>\n<\/div>[\/vc_column_inner][\/vc_row_inner][\/vc_column][\/vc_row][vc_row][vc_column][vc_column_text]<\/p>\n<h1 style=\"text-align: center;\">Sariak<\/h1>\n<p>[\/vc_column_text][vc_row_inner][vc_column_inner width=&#8221;1\/3&#8243;][vc_column_text]<\/p>\n<p class=\"p1\"><b>ZG PRO Laborategia Saria (1.000 \u20ac)<\/b><\/p>\n<p class=\"p3\"><span class=\"s1\">ZG PRO Lab 2024ko proiekturik aipagarrienarentzat. <\/span><\/p>\n<p>[\/vc_column_text][\/vc_column_inner][vc_column_inner width=&#8221;1\/3&#8243;][vc_column_text]<\/p>\n<p class=\"p1\"><b>Music Library ZG PRO Saria\u00a0<\/b><\/p>\n<p class=\"p2\"><span class=\"s1\">Music Library &amp; SFX-k babestua. AudioNetwork eta AltMusic ekoizpen-katalogoetan sartzeko tarifa finkoa, 360\u00ba musika-ikuskapeneko zerbitzuak, musika komertzialen eskubideak negoziatzeko karguen gaineko deskontuak, eta estudioak eta SFX erabiltzeko aukera (1.500 \u20ac-ko balioa du sari honek). <\/span><\/p>\n<p>[\/vc_column_text][\/vc_column_inner][vc_column_inner width=&#8221;1\/3&#8243;][vc_column_text]<\/p>\n<p class=\"p1\"><b>Industry SSIFF ZG PRO Saria <\/b><\/p>\n<p class=\"p3\"><span class=\"s1\">Espainiako Estatuko LGTBIQ+ Laborategien Sarearen eta SSIFFaren arteko ekimen bat da. Bidaia-poltsa bat, akreditazioa, lekualdatzeak eta lo egiteko tokia Zinemaldiaren bi egunetan, eta zenbait ekoiztetxe eta industria-agenterekiko bilera sorta bat.<\/span><\/p>\n<p>[\/vc_column_text][\/vc_column_inner][\/vc_row_inner][\/vc_column][\/vc_row][vc_row][vc_column][vc_single_image image=&#8221;9737&#8243; img_size=&#8221;full&#8221;][\/vc_column][\/vc_row][vc_row][vc_column width=&#8221;1\/4&#8243;][vc_single_image image=&#8221;9739&#8243; img_size=&#8221;full&#8221; alignment=&#8221;center&#8221;][\/vc_column][vc_column width=&#8221;1\/4&#8243;][vc_column_text]<\/p>\n<h2 class=\"p1\"><b>Anunnaki<\/b><\/h2>\n<p class=\"p1\"><strong>Zuz:<\/strong> Iker Oiz Elgorriaga<\/p>\n<p class=\"p1\"><strong>Eko:<\/strong> Isabel S\u00e1ez P\u00e9rez<\/p>\n<p class=\"p1\"><span class=\"s1\">Anuarren ametsa dantza egiten ikastea eta eszenatoki gainean distira egitea da. Haren dantza-taldearen egunerokoa ezagutuko dugu: Kiki House of Anunnaki. Bere hirian aitzindari, <i>ballroom<\/i> kultura eta vogue dantza ekarri ditu Iru\u00f1eko karriketara. Anuarrekin eta haren LGTBIQ+ familiarekin batera abiatuko gara arrakastaranzko bidean eta beren identitatearen bilaketan. Era berean, <i>ballroom<\/i> kultura ezagutuko dugu, identitate transexual eta arrazializatuek New Yorken 1970eko hamarkadan sorturiko mugimendua.<\/span><\/p>\n<p>[\/vc_column_text][\/vc_column][vc_column width=&#8221;1\/4&#8243;][vc_single_image image=&#8221;9740&#8243; img_size=&#8221;full&#8221; alignment=&#8221;center&#8221;][\/vc_column][vc_column width=&#8221;1\/4&#8243;][vc_column_text]<\/p>\n<h2 class=\"p1\"><b>High<\/b><\/h2>\n<p class=\"p1\"><strong>Zuz:\u00a0<\/strong>Daniel Alegrete<\/p>\n<p class=\"p1\"><strong>Eko:\u00a0<\/strong>Santiago Skiappa<\/p>\n<p class=\"p1\"><span class=\"s1\">Bidaia bat egingo dugu Larriren memorian barrena. Larrik High sortu zuen, Euskal Herriko lehen klub gaya. 1977an ireki zituen ateak, Bilbon; handik gutxira, antzeko beste klub batzuk sortu ziren, baina High da iraun duen bakarra, eta duela lau hamarkada bezalaxe dago.<\/span><\/p>\n<p>[\/vc_column_text][\/vc_column][\/vc_row][vc_row][vc_column width=&#8221;1\/4&#8243;][vc_single_image image=&#8221;9871&#8243; img_size=&#8221;full&#8221; alignment=&#8221;center&#8221;][\/vc_column][vc_column width=&#8221;1\/4&#8243;][vc_column_text]<\/p>\n<h2 class=\"p1\"><b>Los Siento<\/b><\/h2>\n<p class=\"p1\"><strong>Zuz: <\/strong>Bella Cintra, Laurent L\u00f3pez de Gardey<\/p>\n<p class=\"p1\"><strong>Eko:\u00a0<\/strong>Rodrigo Lavorato<\/p>\n<p class=\"p1\"><span class=\"s1\">Film dokumental trans\/queer honek transen sentimenduen bazterketan sakontzen du. Bide bat ireki nahi du ikus-entzuleen eta filmeko pertsonen artean, bizitza errealean ez dagoen konexio bat lortzeko asmoz.<\/span><\/p>\n<p>[\/vc_column_text][\/vc_column][vc_column width=&#8221;1\/4&#8243;][vc_single_image image=&#8221;9872&#8243; img_size=&#8221;full&#8221; alignment=&#8221;center&#8221;][\/vc_column][vc_column width=&#8221;1\/4&#8243;][vc_column_text]<\/p>\n<h2 class=\"p1\"><b>Las ni\u00f1as de Canchas<\/b><\/h2>\n<p class=\"p1\"><strong>Zuz: <\/strong>Raul Villalba Palacin<\/p>\n<p class=\"p1\"><strong>Eko:\u00a0<\/strong>Noor Husheri Pastrana<\/p>\n<p class=\"p1\"><span class=\"s1\">Valentinak hemezortzi urte beteko ditu laster. Bere urtebetetzearen bezperan, bere jarrera aldarazteko zentrotik ihes egingo du, familiaren ezusteko bisitaren ondoren.<\/span><\/p>\n<p>[\/vc_column_text][\/vc_column][\/vc_row][vc_row][vc_column width=&#8221;1\/4&#8243;][vc_single_image image=&#8221;9873&#8243; img_size=&#8221;full&#8221; alignment=&#8221;center&#8221;][\/vc_column][vc_column width=&#8221;1\/4&#8243;][vc_column_text]<\/p>\n<h2 class=\"p1\"><b>Los versos perdidos<\/b><\/h2>\n<p class=\"p1\"><strong>Zuz:\u00a0<\/strong>Susana Ram\u00edrez de Arellano<\/p>\n<p class=\"p1\"><strong>Eko:\u00a0<\/strong>Mich\u00e8le Mass\u00e9<\/p>\n<p class=\"p1\"><span class=\"s1\">Espainia, 1936. Gazte talde bat Lorca askatzen ahaleginduko da, baina, dena gaizki atera, eta ihes egin beharko dute. Larriduraz beteriko bidaia batean, ahal bezala borrokatuko dira gerra-giro bete-betean aurrera egiteko eta bizirik ateratzeko. Inork ez ditu prestatu bidaia horretarako.<\/span><\/p>\n<p>[\/vc_column_text][\/vc_column][vc_column width=&#8221;1\/4&#8243;][\/vc_column][vc_column width=&#8221;1\/4&#8243;][\/vc_column][\/vc_row][vc_row][vc_column][vc_column_text][\/vc_column_text][\/vc_column][\/vc_row][vc_row][vc_column][vc_single_image image=&#8221;9731&#8243; img_size=&#8221;full&#8221; alignment=&#8221;center&#8221;][vc_separator][vc_row_inner][vc_column_inner width=&#8221;1\/2&#8243;][vc_single_image image=&#8221;9732&#8243; img_size=&#8221;full&#8221; alignment=&#8221;center&#8221; onclick=&#8221;custom_link&#8221; link=&#8221;#master&#8221;][\/vc_column_inner][vc_column_inner width=&#8221;1\/2&#8243;][vc_single_image image=&#8221;9734&#8243; img_size=&#8221;full&#8221; alignment=&#8221;center&#8221; onclick=&#8221;custom_link&#8221; link=&#8221;#lab&#8221;][\/vc_column_inner][\/vc_row_inner][vc_column_text]<\/p>\n<p class=\"p1\"><span class=\"s1\">ZG PRO ekimena Zinegoak jaialdiak industria zinematografikoari eskaintzen dion esparrua da; zehazki, ikus-entzunezko LGTBIQ+ ekoizpenen berrikuntzari, ikerketari eta prestakuntzari. Funtsezko topagunea da sexu-, identitate- eta genero-aniztasunarekin loturiko zinemagintzan diharduten eragile eta espazioei ikusgaitasuna emateko, baita eragile horiek prestakuntza-esparru espezializatuetara hurbiltzeko ere. <\/span><\/p>\n<p class=\"p1\"><span class=\"s1\">Egia da azken urteetan queer zinema gehiago dagoela zirkuitu komertzialetan eta arrakasta handiz iristen dela ikus-entzuleengana zine-aretoen bitartez; hala eta guztiz ere, proiektu gehienentzat ezinezkoa da harresi hori zeharkatzea. Hori dela eta, 2024ko ZG PRO egitasmoak laguntza emango die aurten ere Euskal Herriko, Espainiako estatuko zein nazioarteko LGTBIQ+ zine-proiektuei.<\/span><\/p>\n<p class=\"p1\"><span class=\"s1\">Bide horretan, Europa Sur LGTBIQ+ Jaialdien Sarearen laguntza izango dugu; gogoan izan sare horren barruan daudela Queer Lisboa eta Queer Porto jaialdiak, Mix Milano, Parisko Ch\u00e9ries-ch\u00e9ris eta Zinegoak. <\/span><\/p>\n<p class=\"p1\"><span class=\"s1\">Aurtengo berritasuna Espainiako Estatuko LGBTIQ+ Laborategien Sarea izango da, Fire!! Lab (Fire!! jaialdia, Bartzelona) eta Queercinelab (Tri\u00e1ngulo fundazioko jaialdiak biltzen dituena: Lesgaicinemad, Cinhomo, Andalesgai, Fancinequeer eta Zinegoaken ZG PRO) ekimenek osatua. Aurten, gainera, Donostiako Zinemaldiarekin batera, sari bat sortu dugu elkarlanean: ZG PRO Industry SSIFF Saria. Hala, laborategi bakoitzak proiektu bat sarituko du, eta proiektu irabazlearen ekoizleek aukera izango dute Donostiako Zinemaldiaren industria-foroetan egoteko, parte hartzeko eta haietan sartzeko. Helburua, betiere, LGTBIQ+ proiektuak ikusgarri egiteko eta sustatzeko aliantza bat sortzea da.<\/span><\/p>\n<p class=\"p1\"><span class=\"s1\">Horrez gain, gurekin izango dugu Incoproduction zine- eta telebista-proiektuetarako merkatu digitala. Aurten, gainera, lankidetza estuagoa izango dugu, ZG PRO Work in Progress plataformari esker (WIP) eta Music Library &amp; SFX -en babesarekin.<\/span><\/p>\n<p class=\"p1\"><span class=\"s1\">ZG PRO bi egunetan egingo da. Ekainaren 27an, ikus-entzunezkoen eta kulturaren sektoreko Euskal Herriko, Espainiako estatuko eta nazioarteko zenbait profesional entzutetsuk master classak eskainiko dituzte Azkuna Zentroko Bastida aretoan. Ekainaren 28an, berriz, ZG PRO Lab ekimena izango da, Azkuna Zentroko Iparragirre aretoan; zehazki, <i>pitching<\/i> formatuan aukeraturiko proiektuak aurkeztu, DAMAk eskainitako du ikastaroa, eta ZG PRO epaimahaia osatzen duten pertsonekin <i>one to one<\/i> saioak egingo ditugu.<\/span><\/p>\n<p class=\"p1\"><span class=\"s1\">ZG PROko jarduerak ikus-entzule guztiei irekiak dira; nolanahi ere, arreta berezia eskaintzen zaie sektoreko profesionalei eta LGTBIQ+ kulturan oinarrituriko industria zinematografikoari buruzko prestakuntza jaso nahi duten ikasleei.<\/span><\/p>\n<p>[\/vc_column_text][vc_single_image image=&#8221;9732&#8243; img_size=&#8221;full&#8221; alignment=&#8221;center&#8221;][vc_column_text]<\/p>\n<h1 id=\"master\" style=\"text-align: left;\">Hizlariak<\/h1>\n<p>[\/vc_column_text][\/vc_column][\/vc_row][vc_row][vc_column width=&#8221;1\/4&#8243;][vc_single_image image=&#8221;9597&#8243; alignment=&#8221;center&#8221;][\/vc_column][vc_column width=&#8221;1\/4&#8243;]<div class='team_member  '>\n\t<div class='avatar_holder'>\n\t\t<div class='hover_social'>\n\t\t\t<ul class='um_center_vertically'>\n\t\t\t\t\n\t\t\t<\/ul>\n\t\t<\/div>\n\t    \n\t<\/div>\n\t<h4><strong>TAU LUNA ACOSTA<\/strong><\/h4>\n\t<h5><\/h5>\n\t<p><\/p>\n<p class=\"p1\"><span class=\"s1\">Artista bisuala, ikertzailea, komisarioa, bitartekaria<\/span><\/p>\n<p><\/p>\n<\/div>[\/vc_column][vc_column width=&#8221;1\/4&#8243;][vc_single_image image=&#8221;9874&#8243; alignment=&#8221;center&#8221;][\/vc_column][vc_column width=&#8221;1\/4&#8243;]<div class='team_member  '>\n\t<div class='avatar_holder'>\n\t\t<div class='hover_social'>\n\t\t\t<ul class='um_center_vertically'>\n\t\t\t\t\n\t\t\t<\/ul>\n\t\t<\/div>\n\t    \n\t<\/div>\n\t<h4><strong>ANA\u00cdS C\u00d3RDOBA-P\u00c1EZ<\/strong><\/h4>\n\t<h5><\/h5>\n\t<p><\/p>\n<p class=\"p1\"><span class=\"s1\">Bideografoa, djLaN\u00efn, komisarioa<\/span><\/p>\n<p><\/p>\n<\/div>[\/vc_column][\/vc_row][vc_row][vc_column width=&#8221;1\/4&#8243;][vc_single_image image=&#8221;9877&#8243; alignment=&#8221;center&#8221;][\/vc_column][vc_column width=&#8221;1\/4&#8243;]<div class='team_member  '>\n\t<div class='avatar_holder'>\n\t\t<div class='hover_social'>\n\t\t\t<ul class='um_center_vertically'>\n\t\t\t\t\n\t\t\t<\/ul>\n\t\t<\/div>\n\t    \n\t<\/div>\n\t<h4><strong>SONIA FERN\u00c1NDEZ PAN<\/strong><\/h4>\n\t<h5><\/h5>\n\t<p><\/p>\n<p class=\"p1\"><span class=\"s2\">Idazlea, ikertzailea<\/span><\/p>\n<p><\/p>\n<\/div>[\/vc_column][vc_column width=&#8221;1\/4&#8243;][vc_single_image image=&#8221;9595&#8243; alignment=&#8221;center&#8221;][\/vc_column][vc_column width=&#8221;1\/4&#8243;]<div class='team_member  '>\n\t<div class='avatar_holder'>\n\t\t<div class='hover_social'>\n\t\t\t<ul class='um_center_vertically'>\n\t\t\t\t\n\t\t\t<\/ul>\n\t\t<\/div>\n\t    \n\t<\/div>\n\t<h4><strong>DANELE SARRIUGARTE<\/strong><\/h4>\n\t<h5><\/h5>\n\t<p><\/p>\n<p class=\"p1\"><span class=\"s1\">Idazlea, itzultzailea<\/span><\/p>\n<p><\/p>\n<\/div>[\/vc_column][\/vc_row][vc_row][vc_column width=&#8221;1\/4&#8243;][vc_single_image image=&#8221;9876&#8243; alignment=&#8221;center&#8221;][\/vc_column][vc_column width=&#8221;1\/4&#8243;]<div class='team_member  '>\n\t<div class='avatar_holder'>\n\t\t<div class='hover_social'>\n\t\t\t<ul class='um_center_vertically'>\n\t\t\t\t\n\t\t\t<\/ul>\n\t\t<\/div>\n\t    \n\t<\/div>\n\t<h4><strong>FELA VILA N\u00da\u00d1EZ <\/strong><\/h4>\n\t<h5><\/h5>\n\t<p><\/p>\n<p class=\"p1\"><span class=\"s1\">Ikertzailea, irakaslea, idazlea, komisarioa, aktibista<\/span><\/p>\n<p><\/p>\n<\/div>[\/vc_column][vc_column width=&#8221;1\/4&#8243;][\/vc_column][vc_column width=&#8221;1\/4&#8243;][\/vc_column][\/vc_row][vc_row][vc_column][vc_column_text]<\/p>\n<h1 style=\"text-align: left;\">Masterclass<\/h1>\n<p>[\/vc_column_text][vc_row_inner][vc_column_inner width=&#8221;1\/4&#8243;][vc_column_text]<\/p>\n<p class=\"p1\">Ekainak 27<\/p>\n<p class=\"p2\"><span class=\"s4\">sala Bastida aretoa <\/span><\/p>\n<p class=\"p2\"><span class=\"s4\">Azkuna Zentroa<\/span><\/p>\n<p class=\"p2\"><span class=\"s4\">10:00<\/span><\/p>\n<p>[\/vc_column_text][\/vc_column_inner][vc_column_inner width=&#8221;3\/4&#8243;][vc_column_text]<\/p>\n<p class=\"p1\"><strong><span id=\"gmail-docs-internal-guid-ba64953f-7fff-41b1-c945-170fd352d135\">C<\/span><\/strong><strong><span id=\"gmail-docs-internal-guid-ba64953f-7fff-41b1-c945-170fd352d135\">on el tiempo la maleza se impone<\/span><\/strong><\/p>\n<p class=\"p2\"><span id=\"gmail-docs-internal-guid-ba64953f-7fff-41b1-c945-170fd352d135\"><em>Sonia Fern\u00e1ndez Pan<\/em> (Idazlea, Ikertzailea).<\/span><\/p>\n<p dir=\"ltr\">Sastrakekin pentsatzeko saiakera bat, istorioak kontatzeko estimulu basati batetik sortutakoa. Hainbat bidelagun izango ditut: keinu intuitiboak, lagunak, nahaste-borraste zentzuak, pelikulak, jatorri anitzak, elkarrizketak, joan-etorrian dauden sustraiak, laserrez egindako irudiak eta belar txar onak.<\/p>\n<p>[\/vc_column_text][\/vc_column_inner][\/vc_row_inner][vc_row_inner][vc_column_inner width=&#8221;1\/4&#8243;][vc_column_text]<\/p>\n<p class=\"p1\">Ekainak 27<\/p>\n<p class=\"p2\"><span class=\"s4\">sala Bastida aretoa <\/span><\/p>\n<p class=\"p2\"><span class=\"s4\">Azkuna Zentroa<\/span><\/p>\n<p class=\"p2\"><span class=\"s4\">11:00<\/span><\/p>\n<p>[\/vc_column_text][\/vc_column_inner][vc_column_inner width=&#8221;3\/4&#8243;][vc_column_text]<\/p>\n<p class=\"p1\"><b>Itxaropen motaren bat.<\/b><\/p>\n<p class=\"p1\"><em><span class=\"s1\">Tau Luna Acosta<\/span><\/em><\/p>\n<p class=\"p1\"><span class=\"s1\">Ipar globalean irudikatzen den mundu-amaierari kontrajarrita, Hegoaldean mundu-amaiera sistemikoak bizi izan ditugu, eta horrek beste mundu batzuk irudikatzea eta etengabe sortzea ekarri du beti, ez oinazerik gabe. Amorruari eta maitasunari esker eusten diogu munduen sorrerari, itxaropena eraikitzeko tresnak baitira, antzua dirudien lurrean ere haziak ereiteko teknologia politikoak. Nire lanean, ikusmen-arteak, lankidetzazko esperientziak eta ikus-entzunezkoak gurutzatzen dira, gizakien eta gizakia-baino-gehiagoko izakien artean pentsa dezagun nola duindu daitezkeen migrazioak, lurralde-lekualdatzeak, sexu-genero disidentziak eta ordena kolonial estraktibistak zeharkaturiko bizitzak duintzeaz. <\/span><\/p>\n<p>[\/vc_column_text][\/vc_column_inner][\/vc_row_inner][vc_row_inner][vc_column_inner width=&#8221;1\/4&#8243;][vc_column_text]<\/p>\n<p class=\"p1\">Ekainak 27<\/p>\n<p class=\"p2\"><span class=\"s4\">sala Bastida aretoa <\/span><\/p>\n<p class=\"p2\"><span class=\"s4\">Azkuna Zentroa<\/span><\/p>\n<p class=\"p2\"><span class=\"s4\">12:00<\/span><\/p>\n<p>[\/vc_column_text][\/vc_column_inner][vc_column_inner width=&#8221;3\/4&#8243;][vc_column_text]<\/p>\n<p class=\"p1\">Mahai ingurua<\/p>\n<p class=\"p1\"><b>Dantza! Queer jaia irudiaren espazio politiko gisa<\/b><\/p>\n<p class=\"p1\"><span class=\"s1\">1980ko hamarkadan azaleratu zen gorputza politikoa dela, eta, berehala, jaia erresistentziarako esparru bilakatu zen. Queer gorputzak aldarrikatzean, gozatzearekin batera sexu-politikak eta praktika disidenteak eraikitzea aldarrikatzen da. <\/span><\/p>\n<p class=\"p1\"><span class=\"s1\">Jaia oinazea da, amorrua, maitasuna, desira, plazera, burua zoratzen duen erritmoa, bihotzak sentimendu berean elkartzen dituena. Jaia dantza eta borroka da, gorputzen aldarrikapenaren alde, aldarrikapenari esker izan daitezkeen gorputzen alde.<\/span><\/p>\n<p class=\"p1\"><span class=\"s1\">Nola berrasmatzen dira hizkuntza politikoak jai-giroan? Non dago jaiaren izate eta egitearen eta queer gorputzen arteko bidegurutzea? <\/span><\/p>\n<p class=\"p1\"><span class=\"s1\">Ana\u00eds C\u00f3rdova-P\u00e1ez, Sonia Fern\u00e1ndez Pan, Danele Sarriugarte eta Fefa Vila N\u00fa\u00f1ez hainbat ahotsetara bilduko dira elkarrizketa batean. Mugimenduak, musikak eta jaiak betetzen duten esparruko queer esperientziak partekatuko dituzte, etengabe zentsuratzen, zigortzen eta ospatzen den irudi baten inguruan.<\/span><\/p>\n<p>[\/vc_column_text][\/vc_column_inner][\/vc_row_inner][\/vc_column][\/vc_row][vc_row][vc_column][vc_single_image image=&#8221;9734&#8243; img_size=&#8221;full&#8221; alignment=&#8221;center&#8221;][vc_row_inner][vc_column_inner width=&#8221;1\/4&#8243;][vc_column_text]<\/p>\n<p class=\"p1\">Ekainak 28<\/p>\n<p class=\"p2\"><span class=\"s4\">sala Iparragirre aretoa <\/span><\/p>\n<p class=\"p2\"><span class=\"s4\">Azkuna Zentroa<\/span><\/p>\n<p class=\"p2\"><span class=\"s4\">10:00 &#8211; 14:30 \/ 17:30 &#8211; 18:00<\/span><\/p>\n<p>[\/vc_column_text][\/vc_column_inner][vc_column_inner width=&#8221;3\/4&#8243;][vc_column_text]<\/p>\n<p class=\"p1\"><span class=\"s1\">ZG PRO LAB 2024 jardunaldia hasteko, ZiNaizen ikus-entzunezko edukiak sortzeko lehiaketa aurkeztuko du Naizen Adingabe Transexualen Elkarteak. Helburua haur transen askotariko errealitateak ikusarazteko ikus-entzunezko edukien sorrera bultzatzea da, eta aurkezpenean azalduko dituzte lehiaketaren oinarriak.<\/span><\/p>\n<p class=\"p1\"><span class=\"s1\">Ondoren, aukeraturiko proiektuak aurkeztuko ditugu, <i>pitching<\/i> formatuan. ZG PRO sarietarako hautagaiak izango dira proiektu horiek, eta zinemaren sektoreko profesionalek eta Europa Sur LGTBIQ+ Jaialdien Sarearen ordezkari batek osaturiko epaimahai batek erabakiko ditu sariak. <\/span><\/p>\n<p class=\"p1\"><span class=\"s1\">Goizeko saioaren amaieran, eskubideen kudeaketari eta zinema-ekoizpenari buruzko hitzaldi bat eskainiko du DAMAk, ikus-entzunezko autoreen eskubideen bilketan, kudeaketan eta banaketan espezializaturiko Espainiako erakunde kudeatzaileak. <\/span><\/p>\n<p class=\"p1\"><span class=\"s1\">Arratsaldean, <i>one-to-one<\/i> saioak izango ditugu, eta, amaitzeko, sariak banatuko ditugu.<\/span><\/p>\n<p>[\/vc_column_text][vc_column_text]Programaci\u00f3n:<\/p>\n<p class=\"p1\"><span class=\"s1\"><b>10:00 <\/b><\/span><span class=\"s2\"> Aurkezpena. <b>ZiNaizen<\/b>.<\/span><\/p>\n<p class=\"p2\"><span class=\"s1\"><b>10:30 <\/b><\/span><span class=\"s2\">Pitching saioak. 5 proiektu (30 min\/proiektu bakoitza). <\/span><\/p>\n<p class=\"p1\"><span class=\"s1\"><b>13:30-14:30<\/b><\/span><span class=\"s2\"> DAMA. Ikus-entzunezko lanen egile-eskubideen kudeaketa.\u00a0<\/span><\/p>\n<p class=\"p1\"><span class=\"s1\"><b>16:00-17:00<\/b><\/span><span class=\"s2\"> 1-1 saioak.\u00a0<\/span><\/p>\n<p class=\"p1\"><span class=\"s1\"><b>17:00-17:30<\/b><\/span><span class=\"s2\"> Sariak.<\/span><\/p>\n<p>[\/vc_column_text][\/vc_column_inner][\/vc_row_inner][vc_column_text]<\/p>\n<h1 style=\"text-align: center;\">Epaimahaia<\/h1>\n<p>[\/vc_column_text][vc_row_inner][vc_column_inner width=&#8221;1\/4&#8243;][vc_single_image image=&#8221;9866&#8243;][\/vc_column_inner][vc_column_inner width=&#8221;3\/4&#8243;]<div class='team_member  '>\n\t<div class='avatar_holder'>\n\t\t<div class='hover_social'>\n\t\t\t<ul class='um_center_vertically'>\n\t\t\t\t\n\t\t\t<\/ul>\n\t\t<\/div>\n\t    \n\t<\/div>\n\t<h4><strong>Margherita Ghetti<\/strong><\/h4>\n\t<h5><\/h5>\n\t<p><\/p>\n<p class=\"p1\"><span class=\"s1\">Zinema eta Komunikabideetan doktorea Kaliforniako Unibertsitatean (Berkeley). Zinema eta Kultura Queer-ari buruzko Mix Milano LGTBIQ+ Nazioarteko Jaialdiko programatzailea da. Aldi berean, Wanted Cinemaren banaketa-katalogoarekin loturiko ekitaldien komunikazio- eta programazio-arduraduna da. Italiako Zinemaren Historiako irakaslea izan da. Kalifornian, programazio- eta komunikazio-lanak egin zituen Berkeleyko Arte Museoan eta Pazifikoko Zinema Artxiboan (BAMPFA) eta Mill Valleyko Zinema Jaialdian (MVFF).<\/span><\/p>\n<p><\/p>\n<\/div>[\/vc_column_inner][\/vc_row_inner][vc_row_inner][vc_column_inner width=&#8221;1\/4&#8243;][vc_single_image image=&#8221;9869&#8243;][\/vc_column_inner][vc_column_inner width=&#8221;3\/4&#8243;]<div class='team_member  '>\n\t<div class='avatar_holder'>\n\t\t<div class='hover_social'>\n\t\t\t<ul class='um_center_vertically'>\n\t\t\t\t\n\t\t\t<\/ul>\n\t\t<\/div>\n\t    \n\t<\/div>\n\t<h4><strong>Zuri Goikoetxea<\/strong><\/h4>\n\t<h5><\/h5>\n\t<p><\/p>\n<p class=\"p1\"><span class=\"s1\">2010etik, gidoilari-, zuzendari- eta ekoizle-lanetan dihardu Doxa ekoizpen-etxean. Haren lan eta kolaborazioak hainbat aldiz aukeratu eta saritu dira hainbat jaialditan: Cannesko Jaialdia, Donostiako Zinemaldia, Xixoneko Nazioarteko Zinema Jaialdia &#8211; FICX, Kopenhageko Dokumentalen Nazioarteko Jaialdia &#8211; CPH:DOX edo Nyongo Nazioarteko Zinemaldia &#8211; Visions du r\u00e9el, besteak beste. 2021ean, Berlinale Talenterako hautatu zuten; 2018an, ikus-entzunezko egonaldi batean parte hartu zuen, Matadero Madridek antolatuta,<i> Cabeza y coraz\u00f3n<\/i> filmarekin; eta, 2021ean, Cabello\/Carceller-en <i>Una voz para Erauso <\/i>piezaren ekoizlea izan zen, Azkuna Zentroko erakusketa batean, Paul B. Preciadoren komisariotzapean.<\/span><\/p>\n<p><\/p>\n<\/div>[\/vc_column_inner][\/vc_row_inner][vc_row_inner][vc_column_inner width=&#8221;1\/4&#8243;][vc_single_image image=&#8221;9865&#8243;][\/vc_column_inner][vc_column_inner width=&#8221;3\/4&#8243;]<div class='team_member  '>\n\t<div class='avatar_holder'>\n\t\t<div class='hover_social'>\n\t\t\t<ul class='um_center_vertically'>\n\t\t\t\t\n\t\t\t<\/ul>\n\t\t<\/div>\n\t    \n\t<\/div>\n\t<h4><strong>Ainhoa Gonz\u00e1lez Sanchiz<\/strong><\/h4>\n\t<h5><\/h5>\n\t<p><\/p>\n<p class=\"p1\"><span class=\"s1\">Europa Creativa Desk MEDIA Euskadiren bulegoko arduraduna. Europako nazioarteko merkatu garrantzitsuenetan hartu du parte, eta Euskal Herriko eta Europako zinema arloko profesionalen artean berrikuntzako tailerrak eta jardunaldiak antolatu ditu.<\/span><\/p>\n<p><\/p>\n<\/div>[\/vc_column_inner][\/vc_row_inner][vc_row_inner][vc_column_inner width=&#8221;1\/4&#8243;][vc_single_image image=&#8221;9868&#8243;][\/vc_column_inner][vc_column_inner width=&#8221;3\/4&#8243;]<div class='team_member  '>\n\t<div class='avatar_holder'>\n\t\t<div class='hover_social'>\n\t\t\t<ul class='um_center_vertically'>\n\t\t\t\t\n\t\t\t<\/ul>\n\t\t<\/div>\n\t    \n\t<\/div>\n\t<h4><strong>Peter Stephens<\/strong><\/h4>\n\t<h5><\/h5>\n\t<p><\/p>\n<p class=\"p1\"><span class=\"s1\">Music Library &amp; SFX-eko bazkidea, Audio Network ekoizpen-musikako katalogoaren editoreordea eta Espainiako ordezkaria. Ibilbide luzeko proiektu-koordinatzailea; haren lanen artean, azpimarratzekoak dira kolaborazioen kudeaketaren arloko eginkizunak, ML&amp;SFX\/Acorde musika-ikuskaritzako ataleko ekitaldietan parte hartzea eta AltMusic-en katalogoa. AltContent argitaletxe eta ekoiztetxearen bitartez, Izaskun Arandiaren <i>My Way Out <\/i>dokumentalaren ekoizpenean parte hartu du (2023). Filmetarako musika-ekoizpenaren eta -aholkularitzaren arloko sariak banatzen ditu Espainiako estatuko hainbat jaialditan.<\/span><\/p>\n<p><\/p>\n<\/div>[\/vc_column_inner][\/vc_row_inner][vc_row_inner][vc_column_inner width=&#8221;1\/4&#8243;][vc_single_image image=&#8221;9867&#8243;][\/vc_column_inner][vc_column_inner width=&#8221;3\/4&#8243;]<div class='team_member  '>\n\t<div class='avatar_holder'>\n\t\t<div class='hover_social'>\n\t\t\t<ul class='um_center_vertically'>\n\t\t\t\t\n\t\t\t<\/ul>\n\t\t<\/div>\n\t    \n\t<\/div>\n\t<h4><strong>Mar\u00eda Basagoiti Salazar<\/strong><\/h4>\n\t<h5><\/h5>\n\t<p><\/p>\n<p class=\"p1\"><span class=\"s1\">Ikus-entzunezko Komunikazioan lizentziatua izateaz gain, Zinema Industriako Enpresen Kudeaketa masterra egin zuen. Hamar urte baino gehiago eman ditu programak, realityak eta fikziozko lanak ekoizten; besteak beste, Mediaseten, Video Median eta Pausokan. 2021etik 2024ra, Primeran eta Makusi OTTak kudeatzen eta martxan jartzen aritu da, eta, gaur egun, EITBko antena-eskubide eta koprodukzioen ko-arduraduna da.<\/span><\/p>\n<p><\/p>\n<\/div>[\/vc_column_inner][\/vc_row_inner][\/vc_column][\/vc_row][vc_row][vc_column][vc_column_text]<\/p>\n<h1 style=\"text-align: center;\">Sariak<\/h1>\n<p>[\/vc_column_text][vc_row_inner][vc_column_inner width=&#8221;1\/3&#8243;][vc_column_text]<\/p>\n<p class=\"p1\"><b>ZG PRO Laborategia Saria (1.000 \u20ac)<\/b><\/p>\n<p class=\"p3\"><span class=\"s1\">ZG PRO Lab 2024ko proiekturik aipagarrienarentzat. <\/span><\/p>\n<p>[\/vc_column_text][\/vc_column_inner][vc_column_inner width=&#8221;1\/3&#8243;][vc_column_text]<\/p>\n<p class=\"p1\"><b>Music Library ZG PRO Saria\u00a0<\/b><\/p>\n<p class=\"p2\"><span class=\"s1\">Music Library &amp; SFX-k babestua. AudioNetwork eta AltMusic ekoizpen-katalogoetan sartzeko tarifa finkoa, 360\u00ba musika-ikuskapeneko zerbitzuak, musika komertzialen eskubideak negoziatzeko karguen gaineko deskontuak, eta estudioak eta SFX erabiltzeko aukera (1.500 \u20ac-ko balioa du sari honek). <\/span><\/p>\n<p>[\/vc_column_text][\/vc_column_inner][vc_column_inner width=&#8221;1\/3&#8243;][vc_column_text]<\/p>\n<p class=\"p1\"><b>Industry SSIFF ZG PRO Saria <\/b><\/p>\n<p class=\"p3\"><span class=\"s1\">Espainiako Estatuko LGTBIQ+ Laborategien Sarearen eta SSIFFaren arteko ekimen bat da. Bidaia-poltsa bat, akreditazioa, lekualdatzeak eta lo egiteko tokia Zinemaldiaren bi egunetan, eta zenbait ekoiztetxe eta industria-agenterekiko bilera sorta bat.<\/span><\/p>\n<p>[\/vc_column_text][\/vc_column_inner][\/vc_row_inner][\/vc_column][\/vc_row][vc_row][vc_column][vc_single_image image=&#8221;9737&#8243; img_size=&#8221;full&#8221;][\/vc_column][\/vc_row][vc_row][vc_column width=&#8221;1\/4&#8243;][vc_single_image image=&#8221;9739&#8243; img_size=&#8221;full&#8221; alignment=&#8221;center&#8221;][\/vc_column][vc_column width=&#8221;1\/4&#8243;][vc_column_text]<\/p>\n<h2 class=\"p1\"><b>Anunnaki<\/b><\/h2>\n<p class=\"p1\"><strong>Zuz:<\/strong> Iker Oiz Elgorriaga<\/p>\n<p class=\"p1\"><strong>Eko:<\/strong> Isabel S\u00e1ez P\u00e9rez<\/p>\n<p class=\"p1\"><span class=\"s1\">Anuarren ametsa dantza egiten ikastea eta eszenatoki gainean distira egitea da. Haren dantza-taldearen egunerokoa ezagutuko dugu: Kiki House of Anunnaki. Bere hirian aitzindari, <i>ballroom<\/i> kultura eta vogue dantza ekarri ditu Iru\u00f1eko karriketara. Anuarrekin eta haren LGTBIQ+ familiarekin batera abiatuko gara arrakastaranzko bidean eta beren identitatearen bilaketan. Era berean, <i>ballroom<\/i> kultura ezagutuko dugu, identitate transexual eta arrazializatuek New Yorken 1970eko hamarkadan sorturiko mugimendua.<\/span><\/p>\n<p>[\/vc_column_text][\/vc_column][vc_column width=&#8221;1\/4&#8243;][vc_single_image image=&#8221;9740&#8243; img_size=&#8221;full&#8221; alignment=&#8221;center&#8221;][\/vc_column][vc_column width=&#8221;1\/4&#8243;][vc_column_text]<\/p>\n<h2 class=\"p1\"><b>High<\/b><\/h2>\n<p class=\"p1\"><strong>Zuz:\u00a0<\/strong>Daniel Alegrete<\/p>\n<p class=\"p1\"><strong>Eko:\u00a0<\/strong>Santiago Skiappa<\/p>\n<p class=\"p1\"><span class=\"s1\">Bidaia bat egingo dugu Larriren memorian barrena. Larrik High sortu zuen, Euskal Herriko lehen klub gaya. 1977an ireki zituen ateak, Bilbon; handik gutxira, antzeko beste klub batzuk sortu ziren, baina High da iraun duen bakarra, eta duela lau hamarkada bezalaxe dago.<\/span><\/p>\n<p>[\/vc_column_text][\/vc_column][\/vc_row][vc_row][vc_column width=&#8221;1\/4&#8243;][vc_single_image image=&#8221;9871&#8243; img_size=&#8221;full&#8221; alignment=&#8221;center&#8221;][\/vc_column][vc_column width=&#8221;1\/4&#8243;][vc_column_text]<\/p>\n<h2 class=\"p1\"><b>Los Siento<\/b><\/h2>\n<p class=\"p1\"><strong>Zuz: <\/strong>Bella Cintra, Laurent L\u00f3pez de Gardey<\/p>\n<p class=\"p1\"><strong>Eko:\u00a0<\/strong>Rodrigo Lavorato<\/p>\n<p class=\"p1\"><span class=\"s1\">Film dokumental trans\/queer honek transen sentimenduen bazterketan sakontzen du. Bide bat ireki nahi du ikus-entzuleen eta filmeko pertsonen artean, bizitza errealean ez dagoen konexio bat lortzeko asmoz.<\/span><\/p>\n<p>[\/vc_column_text][\/vc_column][vc_column width=&#8221;1\/4&#8243;][vc_single_image image=&#8221;9872&#8243; img_size=&#8221;full&#8221; alignment=&#8221;center&#8221;][\/vc_column][vc_column width=&#8221;1\/4&#8243;][vc_column_text]<\/p>\n<h2 class=\"p1\"><b>Las ni\u00f1as de Canchas<\/b><\/h2>\n<p class=\"p1\"><strong>Zuz: <\/strong>Raul Villalba Palacin<\/p>\n<p class=\"p1\"><strong>Eko:\u00a0<\/strong>Noor Husheri Pastrana<\/p>\n<p class=\"p1\"><span class=\"s1\">Valentinak hemezortzi urte beteko ditu laster. Bere urtebetetzearen bezperan, bere jarrera aldarazteko zentrotik ihes egingo du, familiaren ezusteko bisitaren ondoren.<\/span><\/p>\n<p>[\/vc_column_text][\/vc_column][\/vc_row][vc_row][vc_column width=&#8221;1\/4&#8243;][vc_single_image image=&#8221;9873&#8243; img_size=&#8221;full&#8221; alignment=&#8221;center&#8221;][\/vc_column][vc_column width=&#8221;1\/4&#8243;][vc_column_text]<\/p>\n<h2 class=\"p1\"><b>Los versos perdidos<\/b><\/h2>\n<p class=\"p1\"><strong>Zuz:\u00a0<\/strong>Susana Ram\u00edrez de Arellano<\/p>\n<p class=\"p1\"><strong>Eko:\u00a0<\/strong>Mich\u00e8le Mass\u00e9<\/p>\n<p class=\"p1\"><span class=\"s1\">Espainia, 1936. Gazte talde bat Lorca askatzen ahaleginduko da, baina, dena gaizki atera, eta ihes egin beharko dute. Larriduraz beteriko bidaia batean, ahal bezala borrokatuko dira gerra-giro bete-betean aurrera egiteko eta bizirik ateratzeko. Inork ez ditu prestatu bidaia horretarako.<\/span><\/p>\n<p>[\/vc_column_text][\/vc_column][vc_column width=&#8221;1\/4&#8243;][\/vc_column][vc_column width=&#8221;1\/4&#8243;][\/vc_column][\/vc_row]<\/p>\n<\/div>","protected":false},"excerpt":{"rendered":"<p>[vc_row][vc_column][vc_column_text][\/vc_column_text][\/vc_column][\/vc_row][vc_row][vc_column][vc_single_image image=&#8221;9731&#8243; img_size=&#8221;full&#8221; alignment=&#8221;center&#8221;][vc_separator][vc_row_inner][vc_column_inner width=&#8221;1\/2&#8243;][vc_single_image image=&#8221;9732&#8243; img_size=&#8221;full&#8221; alignment=&#8221;center&#8221; onclick=&#8221;custom_link&#8221; link=&#8221;#master&#8221;][\/vc_column_inner][vc_column_inner width=&#8221;1\/2&#8243;][vc_single_image image=&#8221;9734&#8243; img_size=&#8221;full&#8221; alignment=&#8221;center&#8221; onclick=&#8221;custom_link&#8221; link=&#8221;#lab&#8221;][\/vc_column_inner][\/vc_row_inner][vc_column_text] ZG PRO ekimena Zinegoak jaialdiak industria zinematografikoari eskaintzen dion esparrua da; zehazki, ikus-entzunezko LGTBIQ+ ekoizpenen berrikuntzari, ikerketari eta prestakuntzari. Funtsezko topagunea da sexu-, identitate- eta genero-aniztasunarekin loturiko zinemagintzan diharduten eragile eta espazioei ikusgaitasuna emateko, baita eragile horiek prestakuntza-esparru espezializatuetara [&hellip;]<\/p>\n","protected":false},"author":1,"featured_media":0,"parent":0,"menu_order":0,"comment_status":"closed","ping_status":"closed","template":"","meta":{"footnotes":""},"class_list":["post-7149","page","type-page","status-publish","hentry"],"_links":{"self":[{"href":"https:\/\/zinegoak.com\/EU\/wp-json\/wp\/v2\/pages\/7149","targetHints":{"allow":["GET"]}}],"collection":[{"href":"https:\/\/zinegoak.com\/EU\/wp-json\/wp\/v2\/pages"}],"about":[{"href":"https:\/\/zinegoak.com\/EU\/wp-json\/wp\/v2\/types\/page"}],"author":[{"embeddable":true,"href":"https:\/\/zinegoak.com\/EU\/wp-json\/wp\/v2\/users\/1"}],"replies":[{"embeddable":true,"href":"https:\/\/zinegoak.com\/EU\/wp-json\/wp\/v2\/comments?post=7149"}],"version-history":[{"count":23,"href":"https:\/\/zinegoak.com\/EU\/wp-json\/wp\/v2\/pages\/7149\/revisions"}],"predecessor-version":[{"id":10262,"href":"https:\/\/zinegoak.com\/EU\/wp-json\/wp\/v2\/pages\/7149\/revisions\/10262"}],"wp:attachment":[{"href":"https:\/\/zinegoak.com\/EU\/wp-json\/wp\/v2\/media?parent=7149"}],"curies":[{"name":"wp","href":"https:\/\/api.w.org\/{rel}","templated":true}]}}