{"id":9172,"date":"2023-06-19T13:12:26","date_gmt":"2023-06-19T11:12:26","guid":{"rendered":"https:\/\/zinegoak.com\/?page_id=9172"},"modified":"2023-06-20T09:02:26","modified_gmt":"2023-06-20T07:02:26","slug":"eus-zgpro_wip","status":"publish","type":"page","link":"https:\/\/zinegoak.com\/EU\/eus-zgpro_wip\/","title":{"rendered":"zgpro_WIP"},"content":{"rendered":"<div class=\"wpb-content-wrapper\"><p>[vc_row][vc_column][vc_single_image image=&#8221;9173&#8243; img_size=&#8221;full&#8221; alignment=&#8221;center&#8221;][\/vc_column][\/vc_row][vc_row][vc_column][vc_column_text]<\/p>\n<p class=\"p1\">2023ko ZG\/PRO WIPak gaur-gaurko bi eduki eskainiko ditu lehiaketarako proiektuak aurkezteko saioen aurretik.<\/p>\n<p class=\"p1\">Lehenik, DAMA ikus-entzunezko egileen eskubideen bilketan, kudeaketan eta banaketan espezializaturiko Espainiako erakundeak masterclass bat eskainiko du eskubideen kudeaketaren eta ekoizpen zinematografikoaren arteko harremanari buruz.<\/p>\n<p class=\"p1\">Bigarrenik, <i>Euskal Herriko ikus-entzunezko garaikideetako sexu-, identitate- eta genero-identitateari buruzko lehen txostena<\/i> aurkeztuko dugu. Zinegoak Elkarteak egin du txostena, Eusko Jaurlaritzako Kultura Sustapenerako Zuzendaritzak eskatuta, eta funtsezko tresna bat da ikus-entzunezkoetako LGTBIQ+ errepresentazioen diagnostiko errealista bat egiteko eta etorkizuneko garapenari begira jartzeko.<\/p>\n<p class=\"p1\">Hitzaldien ostean, ZG\/PRO sarirako hautaturiko ekoizpen-proiektuak aurkeztuko dira, <i>pitching<\/i> formatuan. Zinema-sektoreko profesionalek osaturiko epaimahai batek emango du saria. Proiektuek musika-postprodukzioko sarian ere parte hartu ahalko dute; Music Library &amp; SFX-k ematen du saria: AudioNetwork eta AltMusic katalogoetara sartzeko tarifa finko bat, 360\u00ba Acorde-ren musika-ikuskaritzako zerbitzuak, deskontuak musika komertzialen eskubideen negoziazio-karguetan, estudioak eta SFX hornidura. 2023ko ZG\/PRO WIP epaimahaiak erabakiko du Music Library &amp; SFX-ren saria (1.500 \u20ac)<\/p>\n<p>[\/vc_column_text][vc_separator color=&#8221;custom&#8221; accent_color=&#8221;#e18ee2&#8243;][vc_column_text]<\/p>\n<h2 style=\"text-align: center;\"><a href=\"#txostena\">TXOSTENA<\/a> \u2022 <a href=\"#epaimahaia\">EPAIMAHAIA<\/a> \u2022 <a href=\"#proiektuak\">PROIEKTUAK<\/a><\/h2>\n<p>[\/vc_column_text][vc_separator color=&#8221;custom&#8221; accent_color=&#8221;#e18ee2&#8243;][\/vc_column][\/vc_row][vc_row][vc_column][vc_custom_heading text=&#8221;Euskal Herriko ikus-entzunezko garaikideetako sexu-, identitate- eta genero-identitateari buruzko lehen txostena&#8221; font_container=&#8221;tag:h1|font_size:40|text_align:center|color:%23ed84cf&#8221; google_fonts=&#8221;font_family:Montserrat%3Aregular%2C700|font_style:700%20bold%20regular%3A700%3Anormal&#8221; el_id=&#8221;txostena&#8221;][vc_column_text]<\/p>\n<p class=\"p1\"><span class=\"s1\">Zinegoak Bilboko LGTBIQ+ Nazioarteko Zinema eta Arte Eszenikoen Jaialdian aspalditik ari ginen saiatzen sexu-, identitate- eta genero-aniztasuna ikus-entzunezko ekoizpenetan nola adierazten den aztertzeko tresna bat garatzen, informazio zehatza eta sistematizatua lortzeko.<\/span><\/p>\n<p class=\"p1\"><span class=\"s1\">Eusko Jaurlaritzako Kultura eta Hizkuntza Politika Departamentuaren ekimenez, lehen urratsa eman dugu Euskal Herriko ikus-entzunezkoetan aniztasuna nola adierazten den aztertzeko, genero-ikuspegitik eta begirada intersekzional batekin. Lehen argazki horri esker, beraz, aniztasuna Euskal Herriko ikus-entzunezkoetan nola islatzen den jasoko dugu.<\/span><\/p>\n<p class=\"p1\"><span class=\"s1\">Txostenean, 2020, 2021 eta 2022 urteak hartu ditugu kontuan, ahalik eta lagin zabalena izateko eta aldaketarako esparru bat zehazteko, eta orobat urterik urte errepresentazio hori nola aldatu den ikusteko.<\/span><\/p>\n<p class=\"p1\"><span class=\"s1\">Espero dugu tresna erabilgarria izatea erakunde, ekoiztetxe, ikus-entzunezko artista eta edukien ardura duten eta ikus-entzunezko ekoizpenean inplikatuta dauden eragile guztientzat, denon artean lor dezagun sexu-, identitate- eta genero-aniztasunari buruzko ikuspegi gero eta zehatzagoa eramatea ikus-entzunezko formatuetara, kontakizunetara, erreferentzietara eta subjektibitateetara.<\/span><\/p>\n<p class=\"p1\"><span class=\"s1\">Beraz, tresna honen aurkezpenera gonbidatzen zaituztegu. ZG\/PRO jardunaldi profesionalen barruan aurkeztuko dugu, eta laister eskuragarri izango duzu gure webgunean ere.<\/span><\/p>\n<p>[\/vc_column_text][vc_separator color=&#8221;custom&#8221; accent_color=&#8221;#e18ee2&#8243;][\/vc_column][\/vc_row][vc_row][vc_column][vc_custom_heading text=&#8221;Epaimahia&#8221; font_container=&#8221;tag:h1|font_size:40|text_align:center|color:%23ed84cf&#8221; google_fonts=&#8221;font_family:Montserrat%3Aregular%2C700|font_style:700%20bold%20regular%3A700%3Anormal&#8221; el_id=&#8221;epaimahaia&#8221;][vc_row_inner][vc_column_inner width=&#8221;1\/4&#8243;][vc_single_image image=&#8221;9016&#8243; img_size=&#8221;full&#8221;][\/vc_column_inner][vc_column_inner width=&#8221;3\/4&#8243;][vc_column_text]<\/p>\n<h2 class=\"p1\"><b>Izaskun Arandia<\/b><\/h2>\n<p class=\"p2\"><span class=\"s1\">Zinema eta telebistako produkzioan ibilbide luzeduna, Arandiak Erresuma Batuko ikus-entzunezko enpresa ezagunetan lan egin zuen (TwoFour, Discovery Channel, BAFTA) IZAR Films ekoiztetxea sortu aurretik. 2012an Donostiako Zinemaldian estreinatu zen <i>To Say Goodbye (Agur Esatea)<\/i> bere lehen film luzea ekoiztu eta idatzi zuen.<\/span><\/p>\n<p class=\"p2\"><span class=\"s1\">2013tik Euskal Herrian, Izaskunek film laburrak ekoitzi eta zuzendu ditu eta guztira zazpi dokumental luze ekoitzi ditu, besteak beste <i>Non dago Mikel?<\/i> arrakastatsua. 2020an, eta Gehitu Elkartearekin elkarlanean, <i>Ni naiz naizena<\/i> websaila zuzendu zuen, lan honekin nazioarteko sari asko irabaziz.<\/span><\/p>\n<p class=\"p2\"><span class=\"s1\">Gaur egun Mondragon Unibertsitateko zinema irakasle lanetan ari da eta film luzeen zuzendari gisa bere debuta izan den <i>My Way Out<\/i> dokumentala estreinatu du 2023ko martxoaren 31n.<\/span><\/p>\n<p>[\/vc_column_text][\/vc_column_inner][\/vc_row_inner][vc_row_inner][vc_column_inner width=&#8221;1\/4&#8243;][vc_single_image image=&#8221;9013&#8243; img_size=&#8221;full&#8221;][\/vc_column_inner][vc_column_inner width=&#8221;3\/4&#8243;][vc_column_text]<\/p>\n<h2 class=\"p1\"><b>Ainhoa Gonz\u00e1lez Sanchiz<\/b><\/h2>\n<p class=\"p2\"><span class=\"s1\">Europa Creativa Desk MEDIA Euskadiren bulegoko arduraduna. Europako nazioarteko merkatu garrantzitsuenetan hartu du parte, eta Euskal Herriko eta Europako zinema arloko profesionalen artean berrikuntzako tailerrak eta jardunaldiak antolatu ditu.<\/span><\/p>\n<p>[\/vc_column_text][\/vc_column_inner][\/vc_row_inner][vc_row_inner][vc_column_inner width=&#8221;1\/4&#8243;][vc_single_image image=&#8221;7501&#8243; img_size=&#8221;full&#8221;][\/vc_column_inner][vc_column_inner width=&#8221;3\/4&#8243;][vc_column_text]<\/p>\n<h2 class=\"p1\"><b>Priscila Robledo<\/b><\/h2>\n<p class=\"p2\"><span class=\"s1\">2023ko urtarriletik, Milango MiX International LGTBIQ+ Film Festival eta Queer Culture jaialdiko zuzendari artistikoa da, eta 2018tik MiX Fest-entzat lan egiten du programatzaile, nazioarteko harremanen arduradun, babesle eta ekoizle gisa; Immaginaria zinema jaialdiko programatzaile gisa eta dokumentalen ekoizle gisa (<i>La Bufera<\/i>, 2019; <i>Le ali non sono in vendita<\/i>, 2021). Milano Film Networkseko industria tailerretan ere parte hartzen du. Zinemaldien munduan lan egiten ez duenean, iraunkortasun juridikoko aholkulari gisa jarduten da.<\/span><\/p>\n<p>[\/vc_column_text][\/vc_column_inner][\/vc_row_inner][vc_row_inner][vc_column_inner width=&#8221;1\/4&#8243;][vc_single_image image=&#8221;9021&#8243; img_size=&#8221;full&#8221;][\/vc_column_inner][vc_column_inner width=&#8221;3\/4&#8243;][vc_column_text]<\/p>\n<h2 class=\"p1\"><b>Peter Stephens<\/b><\/h2>\n<p class=\"p2\"><span class=\"s1\">Music Library &amp; SFXko kidea, editoreordea eta Espainiako ordezkari esklusiboa Audio Network ekoizpen-musikako katalogoan. Eskarmentu handia du proiektuen koordinatzaile gisa. Haren eginkizunik aipagarrienak hauek dira: kolaborazioen kudeaketa, ML&amp;SFX\/Acorderen (musika-ikuskaritzaren atala) parte-hartzea ekitaldietan eta AltMusic katalogoaren garapena. AltContent argitaletxe eta ekoiztetxearen bitartez, Izaskun Arandiaren<i> My Way Out <\/i>dokumentaleko ekoizlekidea izan da, zeina 2023ko martxoan estreinatu baitzen zineman.<\/span><\/p>\n<p>[\/vc_column_text][\/vc_column_inner][\/vc_row_inner][vc_separator color=&#8221;custom&#8221; accent_color=&#8221;#e18ee2&#8243;][\/vc_column][\/vc_row][vc_row][vc_column][vc_custom_heading text=&#8221;Proiektuak&#8221; font_container=&#8221;tag:h1|font_size:40|text_align:center|color:%23ed84cf&#8221; google_fonts=&#8221;font_family:Montserrat%3Aregular%2C700|font_style:700%20bold%20regular%3A700%3Anormal&#8221; el_id=&#8221;proiektuak&#8221;][vc_row_inner][vc_column_inner width=&#8221;1\/4&#8243;][vc_single_image image=&#8221;9176&#8243; img_size=&#8221;full&#8221;][vc_column_text]<\/p>\n<p class=\"p1\"><b>Zuz<\/b><\/p>\n<p class=\"p2\">Egoitz Arbiol Albeniz, Ibai Fresnedo<\/p>\n<p class=\"p1\"><b>Eko<\/b><\/p>\n<p class=\"p2\">Hiruki Larroxa Kooperatiba<\/p>\n<p>[\/vc_column_text][\/vc_column_inner][vc_column_inner width=&#8221;3\/4&#8243;][vc_column_text]<\/p>\n<h2 class=\"p1\"><b>Armairutik plazara<\/b><\/h2>\n<p class=\"p1\"><span class=\"s1\">Herriek historia dute. Historia partziala. LGTBIQ+ pertsonen historia ez baita herriaren herri-historiaren parte izan orain arte. Hernaniko LGTBIQ+ bizi-esperientzia duten pertsonen ahotsen bitartez, herriko disidentzia sexualen eta generikoen indarkeriak eta erresistentziak jasotzen ditu. Parte garen eta eraikitzen gaituen memoria kolektiboa zabalduz eta aitortuz.<\/span><\/p>\n<p>[\/vc_column_text][\/vc_column_inner][\/vc_row_inner][vc_row_inner][vc_column_inner width=&#8221;1\/4&#8243;][vc_single_image image=&#8221;9177&#8243; img_size=&#8221;full&#8221;][vc_column_text]<\/p>\n<p class=\"p1\"><b>Zuz<\/b><\/p>\n<p class=\"p1\">Diego A. Collat<\/p>\n<p class=\"p1\"><b>Eko<\/b><\/p>\n<p class=\"p1\">Markel Ganboa Melero<\/p>\n<p>[\/vc_column_text][\/vc_column_inner][vc_column_inner width=&#8221;3\/4&#8243;][vc_column_text]<\/p>\n<h2 class=\"p1\"><b>Jaula de vapor<\/b><\/h2>\n<p class=\"p1\"><span class=\"s1\">Gabon gaua. Ezusteko topaketa bat sauna gay batean. Lurrunen artean, desioak, festa, frustrazioak, sexu-grina, boterea eta beste hainbat kontu nahastuko dira. Bake eta seinale oneko gaua izango dena laster maitasunezko hiruki baten eszenatoki izango da, eta hiru protagonistetako inor ezingo da bertatik atera.<\/span><\/p>\n<p>[\/vc_column_text][\/vc_column_inner][\/vc_row_inner][vc_row_inner][vc_column_inner width=&#8221;1\/4&#8243;][vc_single_image image=&#8221;9178&#8243; img_size=&#8221;full&#8221;][vc_column_text]<\/p>\n<p class=\"p1\"><b>Zuz<\/b><\/p>\n<p class=\"p1\">Iv\u00e1n Ar\u00e1nega Tortosa<\/p>\n<p class=\"p1\"><b>Eko<\/b><\/p>\n<p class=\"p1\">Iv\u00e1n Ar\u00e1nega Tortosa<\/p>\n<p>[\/vc_column_text][\/vc_column_inner][vc_column_inner width=&#8221;3\/4&#8243;][vc_column_text]<\/p>\n<h2 class=\"p1\"><b>Masculinidades encontradas<\/b><\/h2>\n<p class=\"p1\"><span class=\"s1\">Munduko txoko ezberdinetako azoka zein zabortegietan aurkitutako argazkiekin eta gaur egungo istorioen bidez, <i>Masculinidades encontradas<\/i>-ek maskulinitateek maila sozial eta pertsonalean dituzten ondorioak ikertzen ditu.<\/span><\/p>\n<p>[\/vc_column_text][\/vc_column_inner][\/vc_row_inner][vc_row_inner][vc_column_inner width=&#8221;1\/4&#8243;][vc_single_image image=&#8221;9179&#8243; img_size=&#8221;full&#8221;][vc_column_text]<\/p>\n<p class=\"p1\"><b>Zuz<\/b><\/p>\n<p class=\"p2\">Sonia Mart\u00ed Gallego<\/p>\n<p class=\"p1\"><b>Eko<\/b><\/p>\n<p class=\"p2\">Gema Arquero<\/p>\n<p>[\/vc_column_text][\/vc_column_inner][vc_column_inner width=&#8221;3\/4&#8243;][vc_column_text]<\/p>\n<h2 class=\"p1\"><b>Maya<\/b><\/h2>\n<p class=\"p1\"><span class=\"s1\">Mayak (26) bere neska-laguna Ruthi (23) bisita egingo dio Espainiako herri txiki batean. Joateko zorian dagoenean, ezusteko albiste bat jasotzen du: Ruth istripu batean hil da. Kolpe gogorrak eta senide ezezagunen aurrean neska lagun giri gisa aurkezteak eragiten dion antsiedadea medio, Ruth berri bat ezagutzen joango dela jabetuko da.<\/span><\/p>\n<p>[\/vc_column_text][\/vc_column_inner][\/vc_row_inner][vc_row_inner][vc_column_inner width=&#8221;1\/4&#8243;][vc_single_image image=&#8221;9181&#8243; img_size=&#8221;full&#8221;][vc_column_text]<\/p>\n<p class=\"p1\"><b>Zuz\u00a0<\/b><\/p>\n<p class=\"p2\">Irene Bailo Carrami\u00f1ana<\/p>\n<p class=\"p1\"><b>Eko\u00a0<\/b><\/p>\n<p class=\"p2\">Jos\u00e9 Alberto Andr\u00e9s Lacasta &#8211; Du Cardelin; Odile M\u00e9ndez-Bonito Magniez &#8211; Corpus Films<\/p>\n<p>[\/vc_column_text][\/vc_column_inner][vc_column_inner width=&#8221;3\/4&#8243;][vc_column_text]<\/p>\n<h2 class=\"p1\"><b>Queer-Me<\/b><\/h2>\n<p class=\"p1\"><span class=\"s1\">2015eko udaran ospakizun asko izan genituen. Toulouseko etxe okupatu batean bizi nintzen hainbat lagunekin batera. TDB queer komunitatearentzat erreferente gisa funtzionatzen zuen etxe bat zen. Queer-Mek garai hartako euforia, nire eraldaketa prozesua eta bidai pertsonalari buruz hitz egiten du, nire bizitza eraldatuko zuen lekuaren inguruan.<\/span><\/p>\n<p>[\/vc_column_text][\/vc_column_inner][\/vc_row_inner][vc_separator color=&#8221;custom&#8221; accent_color=&#8221;#e18ee2&#8243;][\/vc_column][\/vc_row][vc_column][\/vc_column]<\/p>\n<\/div>","protected":false},"excerpt":{"rendered":"<p>[vc_row][vc_column][vc_single_image image=&#8221;9173&#8243; img_size=&#8221;full&#8221; alignment=&#8221;center&#8221;][\/vc_column][\/vc_row][vc_row][vc_column][vc_column_text] 2023ko ZG\/PRO WIPak gaur-gaurko bi eduki eskainiko ditu lehiaketarako proiektuak aurkezteko saioen aurretik. Lehenik, DAMA ikus-entzunezko egileen eskubideen bilketan, kudeaketan eta banaketan espezializaturiko Espainiako erakundeak masterclass bat eskainiko du eskubideen kudeaketaren eta ekoizpen zinematografikoaren arteko harremanari buruz. Bigarrenik, Euskal Herriko ikus-entzunezko garaikideetako sexu-, identitate- eta genero-identitateari buruzko lehen txostena aurkeztuko dugu. [&hellip;]<\/p>\n","protected":false},"author":1,"featured_media":0,"parent":0,"menu_order":0,"comment_status":"closed","ping_status":"closed","template":"","meta":{"footnotes":""},"class_list":["post-9172","page","type-page","status-publish","hentry"],"_links":{"self":[{"href":"https:\/\/zinegoak.com\/EU\/wp-json\/wp\/v2\/pages\/9172","targetHints":{"allow":["GET"]}}],"collection":[{"href":"https:\/\/zinegoak.com\/EU\/wp-json\/wp\/v2\/pages"}],"about":[{"href":"https:\/\/zinegoak.com\/EU\/wp-json\/wp\/v2\/types\/page"}],"author":[{"embeddable":true,"href":"https:\/\/zinegoak.com\/EU\/wp-json\/wp\/v2\/users\/1"}],"replies":[{"embeddable":true,"href":"https:\/\/zinegoak.com\/EU\/wp-json\/wp\/v2\/comments?post=9172"}],"version-history":[{"count":12,"href":"https:\/\/zinegoak.com\/EU\/wp-json\/wp\/v2\/pages\/9172\/revisions"}],"predecessor-version":[{"id":9228,"href":"https:\/\/zinegoak.com\/EU\/wp-json\/wp\/v2\/pages\/9172\/revisions\/9228"}],"wp:attachment":[{"href":"https:\/\/zinegoak.com\/EU\/wp-json\/wp\/v2\/media?parent=9172"}],"curies":[{"name":"wp","href":"https:\/\/api.w.org\/{rel}","templated":true}]}}