{"id":4184,"date":"2019-02-02T09:13:38","date_gmt":"2019-02-02T09:13:38","guid":{"rendered":"https:\/\/zinegoak.com\/?page_id=4184"},"modified":"2020-03-10T19:09:20","modified_gmt":"2020-03-10T18:09:20","slug":"zghedapena","status":"publish","type":"page","link":"https:\/\/zinegoak.com\/en\/zghedapena\/","title":{"rendered":"EXTENSIONZG"},"content":{"rendered":"<div class=\"wpb-content-wrapper\"><p>[vc_row][vc_column][layerslider_vc id=&#8221;19&#8243;][\/vc_column][\/vc_row][vc_row][vc_column css=&#8221;.vc_custom_1548603036298{background-position: 0 0 !important;background-repeat: no-repeat !important;}&#8221;][vc_single_image image=&#8221;5696&#8243; img_size=&#8221;full&#8221; alignment=&#8221;center&#8221;][vc_column_text]<\/p>\n<p>[\/vc_column_text][\/vc_column][\/vc_row][vc_row][vc_column][vc_column_text]<\/p>\n<p class=\"p1\">La Extensi\u00f3n ZG nace con un objetivo claro: llevar las obras del festival a las poblaciones que habitualmente tienen m\u00e1s complicado acceder a este tipo de contenidos, ya que cada vez son m\u00e1s los largometrajes con personajes o tem\u00e1ticas LGTBI+ que llegan a las pantallas de cine comercial, pero no pasa lo mismo con los cortometrajes y los documentales.<\/p>\n<p class=\"p1\">Otro de sus objetivos, pero no menos importante, es ofrecer una actividad ligada a la diversidad y la cultura aprovechando la gran variedad de obras audiovisuales especializadas que cada a\u00f1o selecciona el Festival.<\/p>\n<p class=\"p1\">Este a\u00f1o ser\u00e1n m\u00e1s de 70 proyecciones en las cerca de 60 poblaciones que participan en esta actividad que se desarrolla entre los meses de marzo y abril a lo largo de toda Euskal Herria.<\/p>\n<p class=\"p1\">Gracias al apoyo de Berdindu!, Servicio de Informaci\u00f3n y Atenci\u00f3n del Gobierno Vasco a LGTBI+, y a la apuesta por parte de los ayuntamientos y asociaciones que participan en la Extensi\u00f3n ZG, cada a\u00f1o son m\u00e1s las localidades que proyectar\u00e1n cortometrajes y largometrajes del festival.<\/p>\n<p class=\"p1\">En esta edici\u00f3n en la provincia de Bizkaia volvemos a contar con: Abadi\u00f1o, Bakio, Balmaseda, Barakaldo, Basauri, Bermeo, Berriz, Durango, Galdakao, Getxo, Igorre, Leioa, Markina-Xemein, Mungia, Portugalete, Sestao, Sopela, Ugao y Urdu\u00f1a. Entre los nuevos fichajes contamos con: Orozko, Otxandio, Sondika y Zalla.<\/p>\n<p class=\"p1\">En Gipuzkoa los municipios que repiten la actividad son: Anoeta, Arrasate, Azpeitia, Bergara, Hernani, Hondarribia, Oiartzun, O\u00f1ati, Tolosa, Zizurkil y Zumaia. Como viene siendo habitual Donostia volver\u00e1 participar de la mano de Gehitu y EHGAM. Se suman a la actividad: Asteasu, Elgoibar, Errenteria, Ordizia y Lasarte-Oria.<\/p>\n<p class=\"p1\">En cuanto a Araba, vuelven a participar: Aramaio, Artziniega, Laudio y Urkabustaiz (Izarra). Este a\u00f1o queremos hacer una menci\u00f3n especial al trabajo y colaboraci\u00f3n de las t\u00e9cnicas de Igualdad de las distintas cuadrillas y municipios, ya que ha sido gracias a ese trabajo que en 2020 la Extensi\u00f3n ZG llegar\u00e1 por primera vez a Agurain, Amurrio, A\u00f1ana, Armi\u00f1\u00f3n, Arratzua &#8211; Ubarrundia, Berantevilla, Iru\u00f1a Oka, Kuartango, Lantar\u00f3n, Legutio, Ribera Alta \/ Erriberagoitia, Ribera Baja \/ Erriberabeitia, Valdegov\u00eda \/ Gaubea, Zambrana, Zigoitia y Zuia (Murgia).<\/p>\n<p class=\"p1\">Para Zinegoak es una gran responsabilidad poder llevar programas de cortometrajes, largometrajes, documentales o cuentacuentos&#8230; a todas estas localidades que aprovechan la celebraci\u00f3n del festival para ofrecer contenidos ligados a diversidad y cultura, siempre en versi\u00f3n original subtitulada en castellano y euskera.<\/p>\n<p class=\"p1\">Os invitamos a buscar la poblaci\u00f3n m\u00e1s cercana en la que se proyecte uno de nuestros ciclos y que disfruteis de una buena sesi\u00f3n de cine y diversidad.<\/p>\n<p>[\/vc_column_text][\/vc_column][\/vc_row][vc_row][vc_column][vc_column_text]<\/p>\n<h1 style=\"text-align: center;\">BIZKAIA<\/h1>\n<p>[\/vc_column_text][\/vc_column][\/vc_row][vc_row][vc_column width=&#8221;1\/5&#8243; css=&#8221;.vc_custom_1583863255943{background-color: #e0e0e0 !important;border-radius: 5px !important;}&#8221;][vc_column_text css=&#8221;.vc_custom_1583863201455{margin-right: 1px !important;margin-left: 1px !important;border-radius: 4px !important;}&#8221;]<\/p>\n<p style=\"text-align: center;\"><strong>Abadi\u00f1o<\/strong><\/p>\n<p style=\"text-align: center;\">Errota Kultur Etxea<\/p>\n<p style=\"text-align: center;\"><span style=\"font-weight: 400;\">12 Marzo \u2022 18:00<\/span><\/p>\n<p>[\/vc_column_text][vc_btn title=&#8221;Programa&#8221; color=&#8221;juicy-pink&#8221; size=&#8221;sm&#8221; align=&#8221;center&#8221; link=&#8221;url:https%3A%2F%2Fzinegoak.com%2Fcategory%2Fhedapena_emakumeak%2F|||&#8221;][\/vc_column][vc_column width=&#8221;1\/5&#8243; css=&#8221;.vc_custom_1583772632503{background-color: #e0e0e0 !important;}&#8221;][vc_column_text]<\/p>\n<p style=\"text-align: center;\"><strong>Bakio<\/strong><\/p>\n<p style=\"text-align: center;\"><span style=\"font-weight: 400;\">Kultur Etxea<\/span><\/p>\n<p style=\"text-align: center;\"><span style=\"font-weight: 400;\">20 Marzo \u2022 20:00<\/span><\/p>\n<p>[\/vc_column_text][vc_btn title=&#8221;Programa&#8221; color=&#8221;juicy-pink&#8221; size=&#8221;sm&#8221; align=&#8221;center&#8221; link=&#8221;url:https%3A%2F%2Fzinegoak.com%2Fcategory%2Fhedapena_1%2F|||&#8221;][\/vc_column][vc_column width=&#8221;1\/5&#8243; css=&#8221;.vc_custom_1583772640057{background-color: #e0e0e0 !important;}&#8221;][vc_column_text]<\/p>\n<p style=\"text-align: center;\"><strong>Balmaseda<\/strong><\/p>\n<p style=\"text-align: center;\"><span style=\"font-weight: 400;\">Klaret Antzokia<\/span><\/p>\n<p style=\"text-align: center;\">31 de Marzo \u2022\u00a0<span style=\"font-weight: 400;\">19:30<\/span><\/p>\n<p>[\/vc_column_text][vc_btn title=&#8221;Programa&#8221; color=&#8221;juicy-pink&#8221; size=&#8221;sm&#8221; align=&#8221;center&#8221; link=&#8221;url:https%3A%2F%2Fzinegoak.com%2Fcategory%2Fhedapena_1%2F|||&#8221;][\/vc_column][vc_column width=&#8221;1\/5&#8243; css=&#8221;.vc_custom_1583863268571{background-color: #e0e0e0 !important;}&#8221;][vc_column_text]<\/p>\n<p style=\"text-align: center;\"><strong>Barakaldo<\/strong><\/p>\n<p style=\"text-align: center;\"><span style=\"font-weight: 400;\">Sala de la Asociaci\u00f3n Hala-Dzipo<\/span><\/p>\n<p style=\"text-align: center;\"><span style=\"font-weight: 400;\">Martxoak 12 Marzo\u00a0<\/span><span style=\"font-weight: 400;\">\u2022 19:30<\/span><\/p>\n<p>[\/vc_column_text][vc_btn title=&#8221;Programa&#8221; color=&#8221;juicy-pink&#8221; size=&#8221;sm&#8221; align=&#8221;center&#8221; link=&#8221;url:https%3A%2F%2Fzinegoak.com%2Fcategory%2Fhedapena_1%2F|||&#8221;][vc_column_text]<\/p>\n<p style=\"text-align: center;\"><span style=\"font-weight: 400;\">26 de Marzo \u2022 19:30<\/span><\/p>\n<p>[\/vc_column_text][vc_btn title=&#8221;Programa&#8221; color=&#8221;juicy-pink&#8221; size=&#8221;sm&#8221; align=&#8221;center&#8221; link=&#8221;url:https%3A%2F%2Fzinegoak.com%2Fmargen-de-error%2F|||&#8221;][\/vc_column][vc_column width=&#8221;1\/5&#8243; css=&#8221;.vc_custom_1583863275219{background-color: #e0e0e0 !important;}&#8221;][vc_column_text]<\/p>\n<p style=\"text-align: center;\"><strong>Basauri<\/strong><\/p>\n<p style=\"text-align: center;\"><span style=\"font-weight: 400;\">Social Antzokia<\/span><\/p>\n<p style=\"text-align: center;\">11 de Marzo \u2022 20:00<\/p>\n<p>[\/vc_column_text][vc_btn title=&#8221;Programa&#8221; color=&#8221;juicy-pink&#8221; size=&#8221;sm&#8221; align=&#8221;center&#8221; link=&#8221;url:https%3A%2F%2Fzinegoak.com%2Fcategory%2Fhedapena_emakumeak%2F|||&#8221;][\/vc_column][\/vc_row][vc_row][vc_column width=&#8221;1\/5&#8243; css=&#8221;.vc_custom_1583772799236{background-color: #e0e0e0 !important;}&#8221;][vc_column_text]<\/p>\n<p style=\"text-align: center;\"><strong>Bermeo<\/strong><\/p>\n<p style=\"text-align: center;\">Nestor Basterretxea zinema aretoa<\/p>\n<p style=\"text-align: center;\"><span style=\"font-weight: 400;\">12 Marzo \u2022 19:00<\/span><\/p>\n<p>[\/vc_column_text][vc_btn title=&#8221;Programa&#8221; color=&#8221;juicy-pink&#8221; size=&#8221;sm&#8221; align=&#8221;center&#8221; link=&#8221;url:https%3A%2F%2Fzinegoak.com%2Fcategory%2Fhedapena_aurtzaroa%2F|||&#8221;][vc_column_text]<\/p>\n<p style=\"text-align: center;\"><span style=\"font-weight: 400;\">17 Marzo \u2022 19:00<\/span><\/p>\n<p>[\/vc_column_text][vc_btn title=&#8221;Programa&#8221; color=&#8221;juicy-pink&#8221; size=&#8221;sm&#8221; align=&#8221;center&#8221; link=&#8221;url:https%3A%2F%2Fzinegoak.com%2Fport-authority%2F|||&#8221;][\/vc_column][vc_column width=&#8221;1\/5&#8243; css=&#8221;.vc_custom_1583772809638{background-color: #e0e0e0 !important;}&#8221;][vc_column_text]<\/p>\n<p style=\"text-align: center;\"><strong>Berriz<\/strong><\/p>\n<p style=\"text-align: center;\"><span style=\"font-weight: 400;\">Berrizko Kultur Etxea<\/span><\/p>\n<p style=\"text-align: center;\"><span style=\"font-weight: 400;\">25 de Marzo \u2022 19:00<\/span><\/p>\n<p>[\/vc_column_text][vc_btn title=&#8221;Programa&#8221; color=&#8221;juicy-pink&#8221; size=&#8221;sm&#8221; align=&#8221;center&#8221; link=&#8221;url:https%3A%2F%2Fzinegoak.com%2Fcategory%2Fhedapena_emakumeak%2F|||&#8221;][\/vc_column][vc_column width=&#8221;1\/5&#8243; css=&#8221;.vc_custom_1583772816524{background-color: #e0e0e0 !important;}&#8221;][vc_column_text]<\/p>\n<p style=\"text-align: center;\"><strong>Durango<\/strong><\/p>\n<p style=\"text-align: center;\"><span style=\"font-weight: 400;\">San Agustin Kultur Gunea<\/span><\/p>\n<p style=\"text-align: center;\">13 de Marzo \u2022\u00a0<span style=\"font-weight: 400;\">20:00<\/span><\/p>\n<p>[\/vc_column_text][vc_btn title=&#8221;Programa&#8221; color=&#8221;juicy-pink&#8221; size=&#8221;sm&#8221; align=&#8221;center&#8221; link=&#8221;url:https%3A%2F%2Fzinegoak.com%2Fcategory%2Fhedapena_1%2F|||&#8221;][\/vc_column][vc_column width=&#8221;1\/5&#8243; css=&#8221;.vc_custom_1583772823236{background-color: #e0e0e0 !important;}&#8221;][vc_column_text]<\/p>\n<p style=\"text-align: center;\"><strong>Galdakao<\/strong><\/p>\n<p style=\"text-align: center;\"><span style=\"font-weight: 400;\">Torrezabal kultur Etxea<\/span><\/p>\n<p style=\"text-align: center;\"><span style=\"font-weight: 400;\">24 de Marzo\u00a0<\/span><span style=\"font-weight: 400;\">\u2022 19:00<\/span><\/p>\n<p>[\/vc_column_text][vc_btn title=&#8221;Programa&#8221; color=&#8221;juicy-pink&#8221; size=&#8221;sm&#8221; align=&#8221;center&#8221; link=&#8221;url:https%3A%2F%2Fzinegoak.com%2Fcategory%2Fhedapena_emakumeak%2F|||&#8221;][\/vc_column][vc_column width=&#8221;1\/5&#8243; css=&#8221;.vc_custom_1583772832034{background-color: #e0e0e0 !important;}&#8221;][vc_column_text]<\/p>\n<p style=\"text-align: center;\"><strong>Getxo<\/strong><\/p>\n<p style=\"text-align: center;\"><span style=\"font-weight: 400;\">Ludoteka \/ 17 de Marzo<\/span><\/p>\n<p style=\"text-align: center;\"><span style=\"font-weight: 400;\">Romoko Kultur Etxea \/\u00a019 de Marzo<\/span><\/p>\n<p style=\"text-align: center;\"><span style=\"font-weight: 400;\">Algortako Gaztelekua \/\u00a020 de Marzo<\/span><\/p>\n<p style=\"text-align: center;\"><span style=\"font-weight: 400;\">Romoko Gaztelekua \/\u00a022 de Marzo<\/span><\/p>\n<p style=\"text-align: center;\">11 de Marzo \u2022 20:00<\/p>\n<p>[\/vc_column_text][vc_btn title=&#8221;Programa&#8221; color=&#8221;juicy-pink&#8221; size=&#8221;sm&#8221; align=&#8221;center&#8221; link=&#8221;url:https%3A%2F%2Fzinegoak.com%2Fcategory%2Fhedapena_aurtzaroa%2F|||&#8221;][vc_btn title=&#8221;Programa&#8221; color=&#8221;juicy-pink&#8221; size=&#8221;sm&#8221; align=&#8221;center&#8221; link=&#8221;url:https%3A%2F%2Fzinegoak.com%2Fcategory%2Fhedapena_1%2F|||&#8221;][\/vc_column][\/vc_row][vc_row][vc_column width=&#8221;1\/5&#8243; css=&#8221;.vc_custom_1583772839049{background-color: #e0e0e0 !important;}&#8221;][vc_column_text]<\/p>\n<p style=\"text-align: center;\"><strong>Igorre<\/strong><\/p>\n<p style=\"text-align: center;\">Lasarte Aretoa<\/p>\n<p style=\"text-align: center;\"><span style=\"font-weight: 400;\">20 de Marzo \u2022 19:00<\/span><\/p>\n<p>[\/vc_column_text][\/vc_column][vc_column width=&#8221;1\/5&#8243; css=&#8221;.vc_custom_1583772847269{background-color: #e0e0e0 !important;}&#8221;][vc_column_text]<\/p>\n<p style=\"text-align: center;\"><strong>Leioa<\/strong><\/p>\n<p style=\"text-align: center;\">kultur Etxea<\/p>\n<p style=\"text-align: center;\"><span style=\"font-weight: 400;\">10, 17, 24 de Marzo \u2022 19:00<\/span><\/p>\n<p>[\/vc_column_text][vc_btn title=&#8221;Programa&#8221; color=&#8221;juicy-pink&#8221; size=&#8221;sm&#8221; align=&#8221;center&#8221; link=&#8221;url:https%3A%2F%2Fzinegoak.com%2Fcategory%2Fhedapena_1%2F|||&#8221;][vc_column_text]<\/p>\n<p style=\"text-align: center;\">11 de Marzo \u2022\u00a0 20:00<\/p>\n<p>[\/vc_column_text][vc_btn title=&#8221;Programa&#8221; color=&#8221;juicy-pink&#8221; size=&#8221;sm&#8221; align=&#8221;center&#8221; link=&#8221;url:https%3A%2F%2Fzinegoak.com%2Ftu-me-manques%2F|||&#8221;][\/vc_column][vc_column width=&#8221;1\/5&#8243; css=&#8221;.vc_custom_1583772855683{background-color: #e0e0e0 !important;}&#8221;][vc_column_text]<\/p>\n<p style=\"text-align: center;\"><strong>Markina-Xemein<\/strong><\/p>\n<p style=\"text-align: center;\"><span style=\"font-weight: 400;\">Esperantza Aretoa<\/span><\/p>\n<p style=\"text-align: center;\">22 de Marzo \u2022\u00a0<span style=\"font-weight: 400;\">18:30<\/span><\/p>\n<p>[\/vc_column_text][vc_btn title=&#8221;Programa&#8221; color=&#8221;juicy-pink&#8221; size=&#8221;sm&#8221; align=&#8221;center&#8221; link=&#8221;url:https%3A%2F%2Fzinegoak.com%2Fcategory%2Fhedapena_1%2F|||&#8221;][\/vc_column][vc_column width=&#8221;1\/5&#8243; css=&#8221;.vc_custom_1583772864487{background-color: #e0e0e0 !important;}&#8221;][vc_column_text]<\/p>\n<p style=\"text-align: center;\"><strong>Mungia<\/strong><\/p>\n<p style=\"text-align: center;\"><span style=\"font-weight: 400;\">Torrebillela Kultur Etxea<\/span><\/p>\n<p style=\"text-align: center;\"><span style=\"font-weight: 400;\">13 de Marzo\u00a0<\/span><span style=\"font-weight: 400;\">\u2022 19:30<\/span><\/p>\n<p>[\/vc_column_text][vc_btn title=&#8221;Programa&#8221; color=&#8221;juicy-pink&#8221; size=&#8221;sm&#8221; align=&#8221;center&#8221; link=&#8221;url:https%3A%2F%2Fzinegoak.com%2Fcategory%2Fhedapena_1%2F|||&#8221;][\/vc_column][vc_column width=&#8221;1\/5&#8243; css=&#8221;.vc_custom_1583772871074{background-color: #e0e0e0 !important;}&#8221;][vc_column_text]<\/p>\n<p style=\"text-align: center;\"><strong>Ordu\u00f1a<\/strong><\/p>\n<p style=\"text-align: center;\"><span style=\"font-weight: 400;\">Alondegia<\/span><\/p>\n<p style=\"text-align: center;\">13 de Marzo \u2022 19:00<\/p>\n<p>[\/vc_column_text][vc_btn title=&#8221;Programa&#8221; color=&#8221;juicy-pink&#8221; size=&#8221;sm&#8221; align=&#8221;center&#8221; link=&#8221;url:https%3A%2F%2Fzinegoak.com%2Fcategory%2Fhedapena_1%2F|||&#8221;][\/vc_column][\/vc_row][vc_row][vc_column width=&#8221;1\/5&#8243; css=&#8221;.vc_custom_1583772879674{background-color: #e0e0e0 !important;}&#8221;][vc_column_text]<\/p>\n<p style=\"text-align: center;\"><strong>Otxandio<\/strong><\/p>\n<p style=\"text-align: center;\"><span style=\"font-weight: 400;\">Bolalekua<\/span><\/p>\n<p style=\"text-align: center;\"><span style=\"font-weight: 400;\">15 de Marzo \u2022 18:00<\/span><\/p>\n<p>[\/vc_column_text][vc_btn title=&#8221;Programa&#8221; color=&#8221;juicy-pink&#8221; size=&#8221;sm&#8221; align=&#8221;center&#8221; link=&#8221;url:https%3A%2F%2Fzinegoak.com%2Fcategory%2Fhedapena_1%2F|||&#8221;][\/vc_column][vc_column width=&#8221;1\/5&#8243; css=&#8221;.vc_custom_1583772886398{background-color: #e0e0e0 !important;}&#8221;][vc_column_text]<\/p>\n<p style=\"text-align: center;\"><strong>Portugalete<\/strong><\/p>\n<p style=\"text-align: center;\"><span style=\"font-weight: 400;\">DOCK Cine<\/span><\/p>\n<p style=\"text-align: center;\"><span style=\"font-weight: 400;\">17 de Marzo \u2022\u00a018:30<\/span><\/p>\n<p>[\/vc_column_text][vc_btn title=&#8221;Programa&#8221; color=&#8221;juicy-pink&#8221; size=&#8221;sm&#8221; align=&#8221;center&#8221; link=&#8221;url:https%3A%2F%2Fzinegoak.com%2Fcategory%2Fhedapena_emakumeak%2F|||&#8221;][vc_column_text]<\/p>\n<p style=\"text-align: center;\"><span style=\"font-weight: 400;\">19 de Marzo \u2022\u00a018:30<\/span><\/p>\n<p>[\/vc_column_text][vc_btn title=&#8221;Programa&#8221; color=&#8221;juicy-pink&#8221; size=&#8221;sm&#8221; align=&#8221;center&#8221; link=&#8221;url:https%3A%2F%2Fzinegoak.com%2Findianara%2F|||&#8221;][\/vc_column][vc_column width=&#8221;1\/5&#8243; css=&#8221;.vc_custom_1583772903589{background-color: #e0e0e0 !important;}&#8221;][vc_column_text]<\/p>\n<p style=\"text-align: center;\"><strong>Sestao<\/strong><\/p>\n<p style=\"text-align: center;\"><span style=\"font-weight: 400;\">Sal\u00f3n de la Biblioteca Municipal de Sestao<\/span><\/p>\n<p style=\"text-align: center;\">24 de Marzo \u2022 <span style=\"font-weight: 400;\">19:30<\/span><\/p>\n<p>[\/vc_column_text][vc_btn title=&#8221;Programa&#8221; color=&#8221;juicy-pink&#8221; size=&#8221;sm&#8221; align=&#8221;center&#8221; link=&#8221;url:https%3A%2F%2Fzinegoak.com%2Fcategory%2Fhedapena_1%2F|||&#8221;][\/vc_column][vc_column width=&#8221;1\/5&#8243; css=&#8221;.vc_custom_1583772910321{background-color: #e0e0e0 !important;}&#8221;][vc_column_text]<\/p>\n<p style=\"text-align: center;\"><strong>Sondika<\/strong><\/p>\n<p style=\"text-align: center;\"><span style=\"font-weight: 400;\">SONDIKAKO KULTUR ETXEA<\/span><\/p>\n<p style=\"text-align: center;\"><span style=\"font-weight: 400;\">14 de Marzo\u00a0<\/span><span style=\"font-weight: 400;\">\u2022 20:00<\/span><\/p>\n<p>[\/vc_column_text][vc_btn title=&#8221;Programa&#8221; color=&#8221;juicy-pink&#8221; size=&#8221;sm&#8221; align=&#8221;center&#8221; link=&#8221;url:https%3A%2F%2Fzinegoak.com%2Fcategory%2Fhedapena_1%2F|||&#8221;][\/vc_column][vc_column width=&#8221;1\/5&#8243; css=&#8221;.vc_custom_1583772918154{background-color: #e0e0e0 !important;}&#8221;][vc_column_text]<\/p>\n<p style=\"text-align: center;\"><strong>Sopela<\/strong><\/p>\n<p style=\"text-align: center;\"><span style=\"font-weight: 400;\">Kurtzio Kultur Etxea<\/span><\/p>\n<p style=\"text-align: center;\">3 de Abril \u2022 20:15<\/p>\n<p>[\/vc_column_text][vc_btn title=&#8221;Programa&#8221; color=&#8221;juicy-pink&#8221; size=&#8221;sm&#8221; align=&#8221;center&#8221; link=&#8221;url:https%3A%2F%2Fzinegoak.com%2Fcategory%2Fhedapena_1%2F|||&#8221;][\/vc_column][\/vc_row][vc_row][vc_column width=&#8221;1\/5&#8243; css=&#8221;.vc_custom_1583772925196{background-color: #e0e0e0 !important;}&#8221;][vc_column_text]<\/p>\n<p style=\"text-align: center;\"><strong>Ugao-Miraballes<\/strong><\/p>\n<p style=\"text-align: center;\"><span style=\"font-weight: 400;\">Ugaoko Institutua<\/span><\/p>\n<p style=\"text-align: center;\"><span style=\"font-weight: 400;\">13 de Marzo<\/span><\/p>\n<p>[\/vc_column_text][vc_btn title=&#8221;Programa&#8221; color=&#8221;juicy-pink&#8221; size=&#8221;sm&#8221; align=&#8221;center&#8221; link=&#8221;url:https%3A%2F%2Fzinegoak.com%2Fcategory%2Fhedapena_aurtzaroa%2F|||&#8221;][\/vc_column][vc_column width=&#8221;1\/5&#8243; css=&#8221;.vc_custom_1583772932050{background-color: #e0e0e0 !important;}&#8221;][vc_column_text]<\/p>\n<p style=\"text-align: center;\"><strong>Zalla<\/strong><\/p>\n<p style=\"text-align: center;\"><span style=\"font-weight: 400;\">Zalla zine-antzokia<\/span><\/p>\n<p style=\"text-align: center;\"><span style=\"font-weight: 400;\">21 de Marzo \u2022 20:00<\/span><\/p>\n<p>[\/vc_column_text][vc_btn title=&#8221;Programa&#8221; color=&#8221;juicy-pink&#8221; size=&#8221;sm&#8221; align=&#8221;center&#8221; link=&#8221;url:https%3A%2F%2Fzinegoak.com%2Fcategory%2Fhedapena_1%2F|||&#8221;][\/vc_column][vc_column width=&#8221;1\/5&#8243;][\/vc_column][vc_column width=&#8221;1\/5&#8243;][\/vc_column][vc_column width=&#8221;1\/5&#8243;][\/vc_column][\/vc_row][vc_row][vc_column][vc_column_text]<\/p>\n<h1 style=\"text-align: center;\">GIPUZKOA<\/h1>\n<p>[\/vc_column_text][\/vc_column][\/vc_row][vc_row][vc_column width=&#8221;1\/5&#8243; css=&#8221;.vc_custom_1583772942899{background-color: #e0e0e0 !important;}&#8221;][vc_column_text]<\/p>\n<p style=\"text-align: center;\"><strong>Anoeta<\/strong><\/p>\n<p style=\"text-align: center;\"><span style=\"font-weight: 400;\">Mikelasagasti auditorioa<\/span><\/p>\n<p style=\"text-align: center;\"><span style=\"font-weight: 400;\">27 de Marzo \u2022 18:30<\/span><\/p>\n<p>[\/vc_column_text][vc_btn title=&#8221;Programa&#8221; color=&#8221;juicy-pink&#8221; size=&#8221;sm&#8221; align=&#8221;center&#8221; link=&#8221;url:https%3A%2F%2Fzinegoak.com%2Fcategory%2Fhedapena_emakumeak%2F|||&#8221;][\/vc_column][vc_column width=&#8221;1\/5&#8243; css=&#8221;.vc_custom_1583772949607{background-color: #e0e0e0 !important;}&#8221;][vc_column_text]<\/p>\n<p style=\"text-align: center;\"><strong>Arrasate<\/strong><\/p>\n<p style=\"text-align: center;\"><span style=\"font-weight: 400;\">Kulturateko Areto Nagusia<\/span><\/p>\n<p style=\"text-align: center;\"><span style=\"font-weight: 400;\">26 de Marzo \u2022 19:00<\/span><\/p>\n<p>[\/vc_column_text][vc_btn title=&#8221;Programa&#8221; color=&#8221;juicy-pink&#8221; size=&#8221;sm&#8221; align=&#8221;center&#8221; link=&#8221;url:https%3A%2F%2Fzinegoak.com%2Fcategory%2Fhedapena_emakumeak%2F|||&#8221;][\/vc_column][vc_column width=&#8221;1\/5&#8243; css=&#8221;.vc_custom_1583772956112{background-color: #e0e0e0 !important;}&#8221;][vc_column_text]<\/p>\n<p style=\"text-align: center;\"><strong>Asteasu<\/strong><\/p>\n<p style=\"text-align: center;\"><span style=\"font-weight: 400;\">Udaletxeko ikus-entzuneko aretoa<\/span><\/p>\n<p style=\"text-align: center;\">13 de Marzo \u2022 <span style=\"font-weight: 400;\">19:00<\/span><\/p>\n<p>[\/vc_column_text][vc_btn title=&#8221;Programa&#8221; color=&#8221;juicy-pink&#8221; size=&#8221;sm&#8221; align=&#8221;center&#8221; link=&#8221;url:https%3A%2F%2Fzinegoak.com%2Fcategory%2Fhedapena_1%2F|||&#8221;][\/vc_column][vc_column width=&#8221;1\/5&#8243; css=&#8221;.vc_custom_1583772962368{background-color: #e0e0e0 !important;}&#8221;][vc_column_text]<\/p>\n<p style=\"text-align: center;\"><strong>Azpeitia<\/strong><\/p>\n<p style=\"text-align: center;\"><span style=\"font-weight: 400;\">Sanagustin kulturgunea<\/span><\/p>\n<p style=\"text-align: center;\"><span style=\"font-weight: 400;\">21 de Abril\u00a0<\/span><\/p>\n<p>[\/vc_column_text][\/vc_column][vc_column width=&#8221;1\/5&#8243; css=&#8221;.vc_custom_1583772968416{background-color: #e0e0e0 !important;}&#8221;][vc_column_text]<\/p>\n<p style=\"text-align: center;\"><strong>Bergara<\/strong><\/p>\n<p style=\"text-align: center;\"><span style=\"font-weight: 400;\">Seminarixoa<\/span><\/p>\n<p style=\"text-align: center;\">11 de Marzo \u2022 20:00<\/p>\n<p>[\/vc_column_text][vc_btn title=&#8221;Programa&#8221; color=&#8221;juicy-pink&#8221; size=&#8221;sm&#8221; align=&#8221;center&#8221; link=&#8221;url:https%3A%2F%2Fzinegoak.com%2Fcategory%2Fhedapena_1%2F|||&#8221;][\/vc_column][\/vc_row][vc_row][vc_column width=&#8221;1\/5&#8243; css=&#8221;.vc_custom_1583772942899{background-color: #e0e0e0 !important;}&#8221;][vc_column_text]<\/p>\n<p style=\"text-align: center;\"><strong>Donostia<\/strong><\/p>\n<p style=\"text-align: center;\"><span style=\"font-weight: 400;\">Teatro Principal<\/span><\/p>\n<p style=\"text-align: center;\"><span style=\"font-weight: 400;\">16 de Marzo<\/span><\/p>\n<p>[\/vc_column_text][vc_btn title=&#8221;Programa&#8221; color=&#8221;juicy-pink&#8221; size=&#8221;sm&#8221; align=&#8221;center&#8221; link=&#8221;url:https%3A%2F%2Fzinegoak.com%2Fcategory%2Fhedapena_1%2F|||&#8221;][vc_column_text]<\/p>\n<p style=\"text-align: center;\">17 de Marzo<\/p>\n<p>[\/vc_column_text][vc_btn title=&#8221;Programa&#8221; color=&#8221;juicy-pink&#8221; size=&#8221;sm&#8221; align=&#8221;center&#8221; link=&#8221;url:https%3A%2F%2Fzinegoak.com%2Fmargen-de-error%2F|||&#8221;][vc_column_text]<\/p>\n<p style=\"text-align: center;\">18 de Marzo<\/p>\n<p>[\/vc_column_text][vc_btn title=&#8221;Programa&#8221; color=&#8221;juicy-pink&#8221; size=&#8221;sm&#8221; align=&#8221;center&#8221; link=&#8221;url:https%3A%2F%2Fzinegoak.com%2Fnech-je-svetlo%2F|||&#8221;][\/vc_column][vc_column width=&#8221;1\/5&#8243; css=&#8221;.vc_custom_1583772949607{background-color: #e0e0e0 !important;}&#8221;][vc_column_text]<\/p>\n<p style=\"text-align: center;\"><strong>Elgoibar<\/strong><\/p>\n<p style=\"text-align: center;\"><span style=\"font-weight: 400;\">Herri Antzokia<\/span><\/p>\n<p style=\"text-align: center;\"><span style=\"font-weight: 400;\">12 de Marzo \u2022 21:30<\/span><\/p>\n<p>[\/vc_column_text][vc_btn title=&#8221;Programa&#8221; color=&#8221;juicy-pink&#8221; size=&#8221;sm&#8221; align=&#8221;center&#8221; link=&#8221;url:https%3A%2F%2Fzinegoak.com%2Fcategory%2Fhedapena_1%2F|||&#8221;][vc_column_text]<\/p>\n<p style=\"text-align: center;\"><span style=\"font-weight: 400;\">26 de Marzo \u2022 21:30<\/span><\/p>\n<p>[\/vc_column_text][vc_btn title=&#8221;Programa&#8221; color=&#8221;juicy-pink&#8221; size=&#8221;sm&#8221; align=&#8221;center&#8221; link=&#8221;url:https%3A%2F%2Fzinegoak.com%2Ftu-me-manques%2F|||&#8221;][\/vc_column][vc_column width=&#8221;1\/5&#8243; css=&#8221;.vc_custom_1583772956112{background-color: #e0e0e0 !important;}&#8221;][vc_column_text]<\/p>\n<p style=\"text-align: center;\"><strong>Hernani<\/strong><\/p>\n<p style=\"text-align: center;\"><span style=\"font-weight: 400;\">Biteri Kultur Etxea<\/span><\/p>\n<p style=\"text-align: center;\">27 de Marzo \u2022 <span style=\"font-weight: 400;\">19:00<\/span><\/p>\n<p>[\/vc_column_text][vc_btn title=&#8221;Programa&#8221; color=&#8221;juicy-pink&#8221; size=&#8221;sm&#8221; align=&#8221;center&#8221; link=&#8221;url:https%3A%2F%2Fzinegoak.com%2Fcategory%2Fhedapena_emakumeak%2F|||&#8221;][\/vc_column][vc_column width=&#8221;1\/5&#8243; css=&#8221;.vc_custom_1583772962368{background-color: #e0e0e0 !important;}&#8221;][vc_column_text]<\/p>\n<p style=\"text-align: center;\"><strong>Hondarribia<\/strong><\/p>\n<p style=\"text-align: center;\"><span style=\"font-weight: 400;\">Kultur Etxea<\/span><\/p>\n<p style=\"text-align: center;\"><span style=\"font-weight: 400;\">19 de Marzo \u2022\u00a0\u00a019:00<\/span><\/p>\n<p>[\/vc_column_text][vc_btn title=&#8221;Programa&#8221; color=&#8221;juicy-pink&#8221; size=&#8221;sm&#8221; align=&#8221;center&#8221; link=&#8221;url:https%3A%2F%2Fzinegoak.com%2Fcategory%2Fhedapena_1%2F|||&#8221;][\/vc_column][vc_column width=&#8221;1\/5&#8243; css=&#8221;.vc_custom_1583772968416{background-color: #e0e0e0 !important;}&#8221;][vc_column_text]<\/p>\n<p style=\"text-align: center;\"><strong>Lasarte-Oria<\/strong><\/p>\n<p style=\"text-align: center;\"><span style=\"font-weight: 400;\">Manuel Lekuona Kultur Etxeko aretoan<\/span><\/p>\n<p style=\"text-align: center;\">14 de Marzo \u2022 <span style=\"font-weight: 400;\">19:00<\/span><\/p>\n<p>[\/vc_column_text][vc_btn title=&#8221;Programa&#8221; color=&#8221;juicy-pink&#8221; size=&#8221;sm&#8221; align=&#8221;center&#8221; link=&#8221;url:https%3A%2F%2Fzinegoak.com%2Fcategory%2Fhedapena_emakumeak%2F|||&#8221;][\/vc_column][\/vc_row][vc_row][vc_column width=&#8221;1\/5&#8243; css=&#8221;.vc_custom_1583772942899{background-color: #e0e0e0 !important;}&#8221;][vc_column_text]<\/p>\n<p style=\"text-align: center;\"><strong>Oiartzun<\/strong><\/p>\n<p style=\"text-align: center;\"><span style=\"font-weight: 400;\">Pleno Aretoa<\/span><\/p>\n<p style=\"text-align: center;\"><span style=\"font-weight: 400;\">13 de Marzo \u2022\u00a019:00<\/span><\/p>\n<p>[\/vc_column_text][vc_btn title=&#8221;Programa&#8221; color=&#8221;juicy-pink&#8221; size=&#8221;sm&#8221; align=&#8221;center&#8221; link=&#8221;url:https%3A%2F%2Fzinegoak.com%2Fcategory%2Fhedapena_emakumeak%2F|||&#8221;][\/vc_column][vc_column width=&#8221;1\/5&#8243; css=&#8221;.vc_custom_1583772949607{background-color: #e0e0e0 !important;}&#8221;][vc_column_text]<\/p>\n<p style=\"text-align: center;\"><strong>O\u00f1ati<\/strong><\/p>\n<p style=\"text-align: center;\"><span style=\"font-weight: 400;\">Zine aretoa, O\u00f1atiko Kultur Etxea<\/span><\/p>\n<p style=\"text-align: center;\"><span style=\"font-weight: 400;\">11 de Marzo \u2022 19:30<\/span><\/p>\n<p>[\/vc_column_text][vc_btn title=&#8221;Programa&#8221; color=&#8221;juicy-pink&#8221; size=&#8221;sm&#8221; align=&#8221;center&#8221; link=&#8221;url:https%3A%2F%2Fzinegoak.com%2Fcategory%2Fhedapena_emakumeak%2F|||&#8221;][\/vc_column][vc_column width=&#8221;1\/5&#8243; css=&#8221;.vc_custom_1583772956112{background-color: #e0e0e0 !important;}&#8221;][vc_column_text]<\/p>\n<p style=\"text-align: center;\"><strong>Errenteria<\/strong><\/p>\n<p style=\"text-align: center;\"><span style=\"font-weight: 400;\">Niessen Aretoa<\/span><\/p>\n<p style=\"text-align: center;\">2 de Abril \u2022 <span style=\"font-weight: 400;\">19.00<\/span><\/p>\n<p>[\/vc_column_text][vc_btn title=&#8221;Programa&#8221; color=&#8221;juicy-pink&#8221; size=&#8221;sm&#8221; align=&#8221;center&#8221; link=&#8221;url:https%3A%2F%2Fzinegoak.com%2Fcategory%2Fhedapena_emakumeak%2F|||&#8221;][vc_column_text]<\/p>\n<p style=\"text-align: center;\">3 de Abril \u2022 19.00<\/p>\n<p>[\/vc_column_text][vc_btn title=&#8221;Programa&#8221; color=&#8221;juicy-pink&#8221; size=&#8221;sm&#8221; align=&#8221;center&#8221; link=&#8221;url:https%3A%2F%2Fzinegoak.com%2Findianara%2F|||&#8221;][\/vc_column][vc_column width=&#8221;1\/5&#8243; css=&#8221;.vc_custom_1583772962368{background-color: #e0e0e0 !important;}&#8221;][vc_column_text]<\/p>\n<p style=\"text-align: center;\"><strong>Tolosa<\/strong><\/p>\n<p style=\"text-align: center;\"><span style=\"font-weight: 400;\">TOPIC<\/span><\/p>\n<p style=\"text-align: center;\"><span style=\"font-weight: 400;\">24 de Marzo \u2022\u00a0\u00a019:00<\/span><\/p>\n<p>[\/vc_column_text][vc_btn title=&#8221;Programa&#8221; color=&#8221;juicy-pink&#8221; size=&#8221;sm&#8221; align=&#8221;center&#8221; link=&#8221;url:https%3A%2F%2Fzinegoak.com%2Fcategory%2Fhedapena_1%2F|||&#8221;][\/vc_column][vc_column width=&#8221;1\/5&#8243; css=&#8221;.vc_custom_1583772968416{background-color: #e0e0e0 !important;}&#8221;][vc_column_text]<\/p>\n<p style=\"text-align: center;\"><strong>Zizurkil<\/strong><\/p>\n<p style=\"text-align: center;\"><span style=\"font-weight: 400;\">Plazida Ota\u00f1oko Gela Balioanitza<\/span><\/p>\n<p style=\"text-align: center;\">23 de Marzo \u2022 <span style=\"font-weight: 400;\">19:00<\/span><\/p>\n<p>[\/vc_column_text][vc_btn title=&#8221;Programa&#8221; color=&#8221;juicy-pink&#8221; size=&#8221;sm&#8221; align=&#8221;center&#8221; link=&#8221;url:https%3A%2F%2Fzinegoak.com%2Fcategory%2Fhedapena_1%2F|||&#8221;][\/vc_column][\/vc_row][vc_row][vc_column width=&#8221;1\/5&#8243; css=&#8221;.vc_custom_1583772942899{background-color: #e0e0e0 !important;}&#8221;][vc_column_text]<\/p>\n<p style=\"text-align: center;\"><strong>Zumaia<\/strong><\/p>\n<p style=\"text-align: center;\"><span style=\"font-weight: 400;\">Aita Mari Zinema<\/span><\/p>\n<p style=\"text-align: center;\"><span style=\"font-weight: 400;\">5 de Marzo \u2022 22:00<\/span><\/p>\n<p>[\/vc_column_text][vc_btn title=&#8221;Programa&#8221; color=&#8221;juicy-pink&#8221; size=&#8221;sm&#8221; align=&#8221;center&#8221; link=&#8221;url:https%3A%2F%2Fzinegoak.com%2Fcategory%2Fhedapena_1%2F|||&#8221;][vc_column_text]<\/p>\n<p style=\"text-align: center;\">2 de Abril \u2022 22:00<\/p>\n<p>[\/vc_column_text][vc_btn title=&#8221;Programa&#8221; color=&#8221;juicy-pink&#8221; size=&#8221;sm&#8221; align=&#8221;center&#8221; link=&#8221;url:https%3A%2F%2Fzinegoak.com%2Findianara%2F|||&#8221;][\/vc_column][vc_column width=&#8221;1\/5&#8243; css=&#8221;.vc_custom_1583772949607{background-color: #e0e0e0 !important;}&#8221;][\/vc_column][vc_column width=&#8221;1\/5&#8243; css=&#8221;.vc_custom_1583772956112{background-color: #e0e0e0 !important;}&#8221;][\/vc_column][vc_column width=&#8221;1\/5&#8243; css=&#8221;.vc_custom_1583772962368{background-color: #e0e0e0 !important;}&#8221;][\/vc_column][vc_column width=&#8221;1\/5&#8243; css=&#8221;.vc_custom_1583772968416{background-color: #e0e0e0 !important;}&#8221;][\/vc_column][\/vc_row][vc_row][vc_column][vc_column_text]<\/p>\n<p>[\/vc_column_text][\/vc_column][\/vc_row][vc_row][vc_column][vc_column_text]<\/p>\n<h1 style=\"text-align: center;\">ARABA<\/h1>\n<p>[\/vc_column_text][\/vc_column][\/vc_row][vc_row][vc_column width=&#8221;1\/5&#8243; css=&#8221;.vc_custom_1583863285821{background-color: #e0e0e0 !important;}&#8221;][vc_column_text]Amurrio[\/vc_column_text][\/vc_column][vc_column width=&#8221;1\/5&#8243; css=&#8221;.vc_custom_1583863293630{background-color: #e0e0e0 !important;}&#8221;][vc_column_text]<\/p>\n<p style=\"text-align: center;\"><strong>A\u00f1ana<\/strong><\/p>\n<p style=\"text-align: center;\">Sala Multiusos Almac\u00e9n De Santa Ana De Salinas De A\u00f1ana<\/p>\n<p style=\"text-align: center;\"><span style=\"font-weight: 400;\">21 de Marzo \u2022\u00a0<\/span><span style=\"font-weight: 400;\">19:00<\/span><\/p>\n<p>[\/vc_column_text][\/vc_column][vc_column width=&#8221;1\/5&#8243; css=&#8221;.vc_custom_1583863301108{background-color: #e0e0e0 !important;}&#8221;][vc_column_text]<\/p>\n<p style=\"text-align: center;\"><strong>Aramaio<\/strong><\/p>\n<p>[\/vc_column_text][\/vc_column][vc_column width=&#8221;1\/5&#8243; css=&#8221;.vc_custom_1583863308453{background-color: #e0e0e0 !important;}&#8221;][vc_column_text]<\/p>\n<p style=\"text-align: center;\"><strong>Armi\u00f1\u00f3n<\/strong><\/p>\n<p style=\"text-align: center;\">Centro Social De Armi\u00f1\u00f3n<\/p>\n<p style=\"text-align: center;\">15 de Marzo \u2022 18:30<\/p>\n<p>[\/vc_column_text][\/vc_column][vc_column width=&#8221;1\/5&#8243; css=&#8221;.vc_custom_1583863314796{background-color: #e0e0e0 !important;}&#8221;][vc_column_text]<\/p>\n<p style=\"text-align: center;\"><strong>Arratzua-Ubarrundia<\/strong><\/p>\n<p>[\/vc_column_text][\/vc_column][\/vc_row][vc_row][vc_column width=&#8221;1\/5&#8243; css=&#8221;.vc_custom_1583863320604{background-color: #e0e0e0 !important;}&#8221;][vc_column_text]<\/p>\n<p style=\"text-align: center;\"><strong>Artziniega<\/strong><\/p>\n<p style=\"text-align: center;\"><span style=\"font-weight: 400;\">Ayuntamiento Viejo<\/span><\/p>\n<p style=\"text-align: center;\">13 de Marzo \u2022\u00a0<span style=\"font-weight: 400;\">18:00<\/span><\/p>\n<p>[\/vc_column_text][vc_btn title=&#8221;Programa&#8221; color=&#8221;juicy-pink&#8221; size=&#8221;sm&#8221; align=&#8221;center&#8221; link=&#8221;url:https%3A%2F%2Fzinegoak.com%2Fcategory%2Fhedapena_emakumeak%2F|||&#8221;][\/vc_column][vc_column width=&#8221;1\/5&#8243; css=&#8221;.vc_custom_1583863326900{background-color: #e0e0e0 !important;}&#8221;][vc_column_text]<\/p>\n<p style=\"text-align: center;\"><strong>Berantevilla<\/strong><\/p>\n<p style=\"text-align: center;\">Las Escuelas De Berantevilla<\/p>\n<p style=\"text-align: center;\">13 de Marzo \u2022\u00a019:00<\/p>\n<p>[\/vc_column_text][\/vc_column][vc_column width=&#8221;1\/5&#8243; css=&#8221;.vc_custom_1583863333907{background-color: #e0e0e0 !important;}&#8221;][vc_column_text]<\/p>\n<p style=\"text-align: center;\"><strong>Iru\u00f1a Oka<\/strong><\/p>\n<p style=\"text-align: center;\">Centro C\u00edvico De Nanclares De La Oca<\/p>\n<p style=\"text-align: center;\">12 de Marzo \u2022\u00a018:30<\/p>\n<p>[\/vc_column_text][\/vc_column][vc_column width=&#8221;1\/5&#8243; css=&#8221;.vc_custom_1583863340089{background-color: #e0e0e0 !important;}&#8221;][vc_column_text]<\/p>\n<p style=\"text-align: center;\"><strong>Lantar\u00f3n<\/strong><\/p>\n<p style=\"text-align: center;\"><span style=\"font-weight: 400;\">Sala Del Ayuntamiento De Lantar\u00f3n Comuni\u00f3n<\/span><\/p>\n<p style=\"text-align: center;\"><span style=\"font-weight: 400;\">28 de Marzo<\/span> \u2022 <span style=\"font-weight: 400;\">18:00<\/span><\/p>\n<p>[\/vc_column_text][\/vc_column][vc_column width=&#8221;1\/5&#8243; css=&#8221;.vc_custom_1583863345776{background-color: #e0e0e0 !important;}&#8221;][vc_column_text]<\/p>\n<p style=\"text-align: center;\"><strong>Laudio<\/strong><\/p>\n<p style=\"text-align: center;\">Laudioalde Zinema Aretoa<\/p>\n<p style=\"text-align: center;\">\u00a014\u00a0 de Marzo \u2022\u00a017:30 \/\u00a020:00<\/p>\n<p>[\/vc_column_text][vc_btn title=&#8221;Programa&#8221; color=&#8221;juicy-pink&#8221; size=&#8221;sm&#8221; align=&#8221;center&#8221; link=&#8221;url:https%3A%2F%2Fzinegoak.com%2Fcategory%2Flaudio%2F|||&#8221;][vc_btn title=&#8221;Becoming Colleen&#8221; color=&#8221;juicy-pink&#8221; size=&#8221;sm&#8221; align=&#8221;center&#8221; link=&#8221;url:https%3A%2F%2Fzinegoak.com%2Fbecoming-colleen%2F|||&#8221;][\/vc_column][\/vc_row][vc_row][vc_column width=&#8221;1\/5&#8243; css=&#8221;.vc_custom_1583863352479{background-color: #e0e0e0 !important;}&#8221;][vc_column_text]<\/p>\n<p style=\"text-align: center;\"><strong>Legutio<\/strong><\/p>\n<p>[\/vc_column_text][\/vc_column][vc_column width=&#8221;1\/5&#8243; css=&#8221;.vc_custom_1583863358026{background-color: #e0e0e0 !important;}&#8221;][vc_column_text]<\/p>\n<p style=\"text-align: center;\"><strong>Ribera Alta<\/strong><\/p>\n<p style=\"text-align: center;\">Casa Verde De Pobes<\/p>\n<p style=\"text-align: center;\">27 de Marzo \u2022 19:00<\/p>\n<p>[\/vc_column_text][\/vc_column][vc_column width=&#8221;1\/5&#8243; css=&#8221;.vc_custom_1583863363858{background-color: #e0e0e0 !important;}&#8221;][vc_column_text]<\/p>\n<p style=\"text-align: center;\"><strong>Ribera Baja &#8211; Erriberabeitia<\/strong><\/p>\n<p style=\"text-align: center;\">Centro C\u00edvico De Ribabellosa<\/p>\n<p style=\"text-align: center;\">3 de Abril \u2022\u00a018:00<\/p>\n<p>[\/vc_column_text][\/vc_column][vc_column width=&#8221;1\/5&#8243; css=&#8221;.vc_custom_1583863369571{background-color: #e0e0e0 !important;}&#8221;][vc_column_text]<\/p>\n<p style=\"text-align: center;\"><strong>Urkabustaiz (Izarra)<\/strong><\/p>\n<p>[\/vc_column_text][\/vc_column][vc_column width=&#8221;1\/5&#8243; css=&#8221;.vc_custom_1583863374863{background-color: #e0e0e0 !important;}&#8221;][vc_column_text]<\/p>\n<p style=\"text-align: center;\"><strong>Valdegov\u00eda<\/strong><\/p>\n<p style=\"text-align: center;\">Sala De Cine Del Ayuntamiento De Villanueva De Valdegov\u00eda<\/p>\n<p style=\"text-align: center;\">14 de Marzo \u2022 11:00<\/p>\n<p>[\/vc_column_text][\/vc_column][\/vc_row][vc_row][vc_column width=&#8221;1\/5&#8243; css=&#8221;.vc_custom_1583863380959{background-color: #e0e0e0 !important;}&#8221;][vc_column_text]<\/p>\n<p style=\"text-align: center;\"><strong>Zambrana<\/strong><\/p>\n<p style=\"text-align: center;\">Centro Social De Zambrana<\/p>\n<p style=\"text-align: center;\">4 de Abril \u2022\u00a018:30<\/p>\n<p>[\/vc_column_text][\/vc_column][vc_column width=&#8221;1\/5&#8243; css=&#8221;.vc_custom_1583863388696{background-color: #e0e0e0 !important;}&#8221;][vc_column_text]<\/p>\n<p style=\"text-align: center;\"><strong>Zigoitia<\/strong><\/p>\n<p>[\/vc_column_text][\/vc_column][vc_column width=&#8221;1\/5&#8243; css=&#8221;.vc_custom_1583863394346{background-color: #e0e0e0 !important;}&#8221;][vc_column_text]<\/p>\n<p style=\"text-align: center;\"><strong>Zuia (Murgia)<\/strong><\/p>\n<p>[\/vc_column_text][\/vc_column][vc_column width=&#8221;1\/5&#8243;][\/vc_column][vc_column width=&#8221;1\/5&#8243;][\/vc_column][\/vc_row]<\/p>\n<\/div>","protected":false},"excerpt":{"rendered":"<p>[vc_row][vc_column][layerslider_vc id=&#8221;19&#8243;][\/vc_column][\/vc_row][vc_row][vc_column css=&#8221;.vc_custom_1548603036298{background-position: 0 0 !important;background-repeat: no-repeat !important;}&#8221;][vc_single_image image=&#8221;5696&#8243; img_size=&#8221;full&#8221; alignment=&#8221;center&#8221;][vc_column_text] [\/vc_column_text][\/vc_column][\/vc_row][vc_row][vc_column][vc_column_text] La Extensi\u00f3n ZG nace con un objetivo claro: llevar las obras del festival a las poblaciones que habitualmente tienen m\u00e1s complicado acceder a este tipo de contenidos, ya que cada vez son m\u00e1s los largometrajes con personajes o tem\u00e1ticas LGTBI+ que llegan a [&hellip;]<\/p>\n","protected":false},"author":1,"featured_media":0,"parent":0,"menu_order":0,"comment_status":"closed","ping_status":"closed","template":"","meta":{"footnotes":""},"class_list":["post-4184","page","type-page","status-publish","hentry"],"_links":{"self":[{"href":"https:\/\/zinegoak.com\/en\/wp-json\/wp\/v2\/pages\/4184","targetHints":{"allow":["GET"]}}],"collection":[{"href":"https:\/\/zinegoak.com\/en\/wp-json\/wp\/v2\/pages"}],"about":[{"href":"https:\/\/zinegoak.com\/en\/wp-json\/wp\/v2\/types\/page"}],"author":[{"embeddable":true,"href":"https:\/\/zinegoak.com\/en\/wp-json\/wp\/v2\/users\/1"}],"replies":[{"embeddable":true,"href":"https:\/\/zinegoak.com\/en\/wp-json\/wp\/v2\/comments?post=4184"}],"version-history":[{"count":40,"href":"https:\/\/zinegoak.com\/en\/wp-json\/wp\/v2\/pages\/4184\/revisions"}],"predecessor-version":[{"id":5860,"href":"https:\/\/zinegoak.com\/en\/wp-json\/wp\/v2\/pages\/4184\/revisions\/5860"}],"wp:attachment":[{"href":"https:\/\/zinegoak.com\/en\/wp-json\/wp\/v2\/media?parent=4184"}],"curies":[{"name":"wp","href":"https:\/\/api.w.org\/{rel}","templated":true}]}}